{"id":11074,"date":"2024-07-24T17:53:24","date_gmt":"2024-07-24T15:53:24","guid":{"rendered":"https:\/\/www.asemer.ro\/?post_type=event_listing&#038;p=11074"},"modified":"2024-07-24T17:54:37","modified_gmt":"2024-07-24T15:54:37","slug":"sustenlandia-ceo-forum","status":"publish","type":"event_listing","link":"https:\/\/www.asemer.ro\/index.php\/event\/sustenlandia-ceo-forum\/","title":{"rendered":"SUSTENLANDIA CEO Forum"},"content":{"rendered":"\n<p><strong>\u00danase al principal evento de Rumania sobre sostenibilidad corporativa:<\/strong><\/p>\n\n\n\n<p>Foro de CEO de SUSTENLANDIA, 9 de octubre ASEMER y la Embajada de Sostenibilidad en Rumania tienen el placer de invitarlo a asistir al evento m\u00e1s relevante centrado en la sostenibilidad para las empresas:<\/p>\n\n\n\n<p>SUSTENLANDIA CEO Forum, que tendr\u00e1 lugar el 9 de octubre en Bucarest y en l\u00ednea.<\/p>\n\n\n\n<p>Los oradores invitados al evento son dos de los l\u00edderes visionarios del mundo en sostenibilidad, JOHN ELKINGTON, el \u00abpadrino de la sostenibilidad\u00bb, y WAYNE VISSER, uno de los 100 principales influyentes en RSE y negocios sostenibles, ambos presentes por primera vez en Rumania.<\/p>\n\n\n\n<p>A trav\u00e9s de inspiradores discursos de apertura, seguidos de una vibrante charla fogonera moderada por CHARLY COX (entrenador galardonado sobre cambio clim\u00e1tico), John y Wayne nos brindar\u00e1n argumentos convincentes sobre por qu\u00e9 necesitamos acelerar la transici\u00f3n hacia negocios sostenibles y qu\u00e9 tipo de de liderazgo es capaz de fomentar este proceso transformador, para que la econom\u00eda, la naturaleza y la sociedad puedan prosperar.<\/p>\n\n\n\n<p>El evento, que reunir\u00e1 fuera de l\u00ednea a m\u00e1s de 170 l\u00edderes empresariales, ser\u00e1 un centro para el liderazgo con visi\u00f3n de futuro.<\/p>\n\n\n\n<p>Ofrecer\u00e1 oportunidades de aprendizaje y establecimiento de contactos entre pares sobre c\u00f3mo abordar los principales desaf\u00edos que enfrenta cualquier l\u00edder empresarial en la actualidad.<\/p>\n\n\n\n<p>La conferencia tambi\u00e9n incluir\u00e1 un panel local que presentar\u00e1 perspectivas sobre liderazgo y negocios sostenibles por parte de ejecutivos clave de las principales empresas de Rumania.<\/p>\n\n\n\n<p>M\u00e1s detalles est\u00e1n disponibles en <a href=\"http:\/\/www.sustenlandia.com\">www.sustenlandia.com<\/a>.<\/p>\n\n\n\n<p>&nbsp;ASEMER se enorgullece de apoyar este evento como socio organizativo, por lo que su empresa como miembro puede beneficiarse de tarifas de inscripci\u00f3n preferenciales (todo incluido el IVA), tanto para las entradas offline como online:<\/p>\n\n\n\n<p>239 EURO\/persona (entrada especial sin conexi\u00f3n anticipada, disponible hasta el 25 de julio)<\/p>\n\n\n\n<p>269 \u200b\u200bEURO\/persona (entrada especial regular offline, disponible hasta el 6 de octubre)<\/p>\n\n\n\n<p>99 EURO\/persona (entrada especial anticipada online, disponible hasta el 25 de julio)<\/p>\n\n\n\n<p>109 EURO\/persona (entrada regular especial online, disponible hasta el 6 de octubre)<\/p>\n\n\n\n<p>Tenga en cuenta que, debido al espacio limitado:<\/p>\n\n\n\n<p>\u25cf las entradas fuera de l\u00ednea est\u00e1n disponibles s\u00f3lo para directores ejecutivos y gerentes\/directores de sostenibilidad de empresas con m\u00e1s de 50 empleados o una facturaci\u00f3n superior a 50 millones de euros. Antes de comprar un boleto fuera de l\u00ednea, primero debe completar un formulario de solicitud.<\/p>\n\n\n\n<p>\u25cf las entradas de acceso en l\u00ednea est\u00e1n abiertas a todos los profesionales apasionados o directamente involucrados en el campo de la sostenibilidad Las entradas est\u00e1n disponibles aqu\u00ed. Tenga en cuenta que solo nos quedan 60 entradas disponibles sin conexi\u00f3n.<\/p>\n\n\n\n<p>Para beneficiarse del descuento especial, aplique el c\u00f3digo dedicado a su organizaci\u00f3n al inicio del pedido en el cuadro C\u00d3DIGO PROMOCIONAL:<\/p>\n\n\n\n<p><strong>Para beneficiarse del descuento de miembro ASEMER por favor cont\u00e1ctenos a <\/strong><a href=\"mailto:office@asemer.ro\">office@asemer.ro<\/a><\/p>\n\n\n\n<p>&nbsp;Despu\u00e9s del per\u00edodo de reserva anticipada (despu\u00e9s del 25 de julio), los precios aumentar\u00e1n, pero el c\u00f3digo de descuento permanecer\u00e1 y se aplicar\u00e1 al nuevo precio.<\/p>\n\n\n\n<p>Para cualquier pregunta o dificultad adicional en la compra de boletos, comun\u00edquese con Claudia Hincu, en claudia.hincu@ambasadasustenabilitatii.ro.<\/p>\n\n\n\n<p><a href=\"https:\/\/translate.google.com\/saved\"><\/a><\/p>\n\n\n\n<figure class=\"wp-block-image size-large\"><img loading=\"lazy\" decoding=\"async\" width=\"1024\" height=\"380\" src=\"https:\/\/www.asemer.ro\/wp-content\/uploads\/2024\/07\/Sustenabila-1-1024x380.png\" alt=\"\" class=\"wp-image-11076\" srcset=\"https:\/\/www.asemer.ro\/wp-content\/uploads\/2024\/07\/Sustenabila-1-1024x380.png 1024w, https:\/\/www.asemer.ro\/wp-content\/uploads\/2024\/07\/Sustenabila-1-300x111.png 300w, https:\/\/www.asemer.ro\/wp-content\/uploads\/2024\/07\/Sustenabila-1-768x285.png 768w, https:\/\/www.asemer.ro\/wp-content\/uploads\/2024\/07\/Sustenabila-1-720x267.png 720w, https:\/\/www.asemer.ro\/wp-content\/uploads\/2024\/07\/Sustenabila-1.png 1031w\" sizes=\"auto, (max-width: 1024px) 100vw, 1024px\" \/><\/figure>\n","protected":false},"featured_media":11075,"template":"","meta":[],"event_listing_category":[291],"event_listing_type":[],"class_list":["post-11074","event_listing","type-event_listing","status-publish","has-post-thumbnail","hentry","event_listing_category-business-professional-2024"],"yoast_head":"<!-- This site is optimized with the Yoast SEO plugin v27.5 - https:\/\/yoast.com\/product\/yoast-seo-wordpress\/ -->\n<title>SUSTENLANDIA CEO Forum - ASEMER<\/title>\n<meta name=\"robots\" content=\"index, follow, max-snippet:-1, max-image-preview:large, max-video-preview:-1\" \/>\n<link rel=\"canonical\" href=\"https:\/\/www.asemer.ro\/index.php\/event\/sustenlandia-ceo-forum\/\" \/>\n<meta property=\"og:locale\" content=\"es_ES\" \/>\n<meta property=\"og:type\" content=\"article\" \/>\n<meta property=\"og:title\" content=\"SUSTENLANDIA CEO Forum - ASEMER\" \/>\n<meta property=\"og:description\" content=\"\u00danase al principal evento de Rumania sobre sostenibilidad corporativa: Foro de CEO de SUSTENLANDIA, 9 de octubre ASEMER y la [&hellip;]\" \/>\n<meta property=\"og:url\" content=\"https:\/\/www.asemer.ro\/index.php\/event\/sustenlandia-ceo-forum\/\" \/>\n<meta property=\"og:site_name\" content=\"ASEMER\" \/>\n<meta property=\"article:publisher\" content=\"https:\/\/www.facebook.com\/asociacionasemer\" \/>\n<meta property=\"article:modified_time\" content=\"2024-07-24T15:54:37+00:00\" \/>\n<meta property=\"og:image\" content=\"https:\/\/www.asemer.ro\/wp-content\/uploads\/2024\/07\/Sustenabila.png\" \/>\n\t<meta property=\"og:image:width\" content=\"1031\" \/>\n\t<meta property=\"og:image:height\" content=\"383\" \/>\n\t<meta property=\"og:image:type\" content=\"image\/png\" \/>\n<meta name=\"twitter:card\" content=\"summary_large_image\" \/>\n<meta name=\"twitter:site\" content=\"@asemer_rumania\" \/>\n<meta name=\"twitter:label1\" content=\"Tiempo de lectura\" \/>\n\t<meta name=\"twitter:data1\" content=\"3 minutos\" \/>\n<script type=\"application\/ld+json\" class=\"yoast-schema-graph\">{\"@context\":\"https:\\\/\\\/schema.org\",\"@graph\":[{\"@type\":\"WebPage\",\"@id\":\"https:\\\/\\\/www.asemer.ro\\\/index.php\\\/event\\\/sustenlandia-ceo-forum\\\/\",\"url\":\"https:\\\/\\\/www.asemer.ro\\\/index.php\\\/event\\\/sustenlandia-ceo-forum\\\/\",\"name\":\"SUSTENLANDIA CEO Forum - ASEMER\",\"isPartOf\":{\"@id\":\"https:\\\/\\\/www.asemer.ro\\\/#website\"},\"primaryImageOfPage\":{\"@id\":\"https:\\\/\\\/www.asemer.ro\\\/index.php\\\/event\\\/sustenlandia-ceo-forum\\\/#primaryimage\"},\"image\":{\"@id\":\"https:\\\/\\\/www.asemer.ro\\\/index.php\\\/event\\\/sustenlandia-ceo-forum\\\/#primaryimage\"},\"thumbnailUrl\":\"https:\\\/\\\/www.asemer.ro\\\/wp-content\\\/uploads\\\/2024\\\/07\\\/Sustenabila.png\",\"datePublished\":\"2024-07-24T15:53:24+00:00\",\"dateModified\":\"2024-07-24T15:54:37+00:00\",\"breadcrumb\":{\"@id\":\"https:\\\/\\\/www.asemer.ro\\\/index.php\\\/event\\\/sustenlandia-ceo-forum\\\/#breadcrumb\"},\"inLanguage\":\"es\",\"potentialAction\":[{\"@type\":\"ReadAction\",\"target\":[\"https:\\\/\\\/www.asemer.ro\\\/index.php\\\/event\\\/sustenlandia-ceo-forum\\\/\"]}]},{\"@type\":\"ImageObject\",\"inLanguage\":\"es\",\"@id\":\"https:\\\/\\\/www.asemer.ro\\\/index.php\\\/event\\\/sustenlandia-ceo-forum\\\/#primaryimage\",\"url\":\"https:\\\/\\\/www.asemer.ro\\\/wp-content\\\/uploads\\\/2024\\\/07\\\/Sustenabila.png\",\"contentUrl\":\"https:\\\/\\\/www.asemer.ro\\\/wp-content\\\/uploads\\\/2024\\\/07\\\/Sustenabila.png\",\"width\":1031,\"height\":383},{\"@type\":\"BreadcrumbList\",\"@id\":\"https:\\\/\\\/www.asemer.ro\\\/index.php\\\/event\\\/sustenlandia-ceo-forum\\\/#breadcrumb\",\"itemListElement\":[{\"@type\":\"ListItem\",\"position\":1,\"name\":\"Home\",\"item\":\"https:\\\/\\\/www.asemer.ro\\\/\"},{\"@type\":\"ListItem\",\"position\":2,\"name\":\"SUSTENLANDIA CEO Forum\"}]},{\"@type\":\"WebSite\",\"@id\":\"https:\\\/\\\/www.asemer.ro\\\/#website\",\"url\":\"https:\\\/\\\/www.asemer.ro\\\/\",\"name\":\"ASEMER\",\"description\":\"Asociaci\u00f3n de Empresas Espa\u00f1olas en Ruman\u00eda\",\"publisher\":{\"@id\":\"https:\\\/\\\/www.asemer.ro\\\/#organization\"},\"potentialAction\":[{\"@type\":\"SearchAction\",\"target\":{\"@type\":\"EntryPoint\",\"urlTemplate\":\"https:\\\/\\\/www.asemer.ro\\\/?s={search_term_string}\"},\"query-input\":{\"@type\":\"PropertyValueSpecification\",\"valueRequired\":true,\"valueName\":\"search_term_string\"}}],\"inLanguage\":\"es\"},{\"@type\":\"Organization\",\"@id\":\"https:\\\/\\\/www.asemer.ro\\\/#organization\",\"name\":\"ASEMER\",\"url\":\"https:\\\/\\\/www.asemer.ro\\\/\",\"logo\":{\"@type\":\"ImageObject\",\"inLanguage\":\"es\",\"@id\":\"https:\\\/\\\/www.asemer.ro\\\/#\\\/schema\\\/logo\\\/image\\\/\",\"url\":\"https:\\\/\\\/www.asemer.ro\\\/wp-content\\\/uploads\\\/2020\\\/12\\\/logo-ASEMER-scaled.jpg\",\"contentUrl\":\"https:\\\/\\\/www.asemer.ro\\\/wp-content\\\/uploads\\\/2020\\\/12\\\/logo-ASEMER-scaled.jpg\",\"width\":2560,\"height\":849,\"caption\":\"ASEMER\"},\"image\":{\"@id\":\"https:\\\/\\\/www.asemer.ro\\\/#\\\/schema\\\/logo\\\/image\\\/\"},\"sameAs\":[\"https:\\\/\\\/www.facebook.com\\\/asociacionasemer\",\"https:\\\/\\\/x.com\\\/asemer_rumania\",\"https:\\\/\\\/ro.linkedin.com\\\/in\\\/asemer-asociaci\u00f3n-empresas-espa\u00f1olas-en-ruman\u00eda-724772a6?trk=author_mini-profile_title\",\"https:\\\/\\\/www.youtube.com\\\/channel\\\/UC73m8-BDsg857OL0Ogv5aQA\\\/videos\"]}]}<\/script>\n<!-- \/ Yoast SEO plugin. -->","yoast_head_json":{"title":"SUSTENLANDIA CEO Forum - ASEMER","robots":{"index":"index","follow":"follow","max-snippet":"max-snippet:-1","max-image-preview":"max-image-preview:large","max-video-preview":"max-video-preview:-1"},"canonical":"https:\/\/www.asemer.ro\/index.php\/event\/sustenlandia-ceo-forum\/","og_locale":"es_ES","og_type":"article","og_title":"SUSTENLANDIA CEO Forum - ASEMER","og_description":"\u00danase al principal evento de Rumania sobre sostenibilidad corporativa: Foro de CEO de SUSTENLANDIA, 9 de octubre ASEMER y la [&hellip;]","og_url":"https:\/\/www.asemer.ro\/index.php\/event\/sustenlandia-ceo-forum\/","og_site_name":"ASEMER","article_publisher":"https:\/\/www.facebook.com\/asociacionasemer","article_modified_time":"2024-07-24T15:54:37+00:00","og_image":[{"width":1031,"height":383,"url":"https:\/\/www.asemer.ro\/wp-content\/uploads\/2024\/07\/Sustenabila.png","type":"image\/png"}],"twitter_card":"summary_large_image","twitter_site":"@asemer_rumania","twitter_misc":{"Tiempo de lectura":"3 minutos"},"schema":{"@context":"https:\/\/schema.org","@graph":[{"@type":"WebPage","@id":"https:\/\/www.asemer.ro\/index.php\/event\/sustenlandia-ceo-forum\/","url":"https:\/\/www.asemer.ro\/index.php\/event\/sustenlandia-ceo-forum\/","name":"SUSTENLANDIA CEO Forum - ASEMER","isPartOf":{"@id":"https:\/\/www.asemer.ro\/#website"},"primaryImageOfPage":{"@id":"https:\/\/www.asemer.ro\/index.php\/event\/sustenlandia-ceo-forum\/#primaryimage"},"image":{"@id":"https:\/\/www.asemer.ro\/index.php\/event\/sustenlandia-ceo-forum\/#primaryimage"},"thumbnailUrl":"https:\/\/www.asemer.ro\/wp-content\/uploads\/2024\/07\/Sustenabila.png","datePublished":"2024-07-24T15:53:24+00:00","dateModified":"2024-07-24T15:54:37+00:00","breadcrumb":{"@id":"https:\/\/www.asemer.ro\/index.php\/event\/sustenlandia-ceo-forum\/#breadcrumb"},"inLanguage":"es","potentialAction":[{"@type":"ReadAction","target":["https:\/\/www.asemer.ro\/index.php\/event\/sustenlandia-ceo-forum\/"]}]},{"@type":"ImageObject","inLanguage":"es","@id":"https:\/\/www.asemer.ro\/index.php\/event\/sustenlandia-ceo-forum\/#primaryimage","url":"https:\/\/www.asemer.ro\/wp-content\/uploads\/2024\/07\/Sustenabila.png","contentUrl":"https:\/\/www.asemer.ro\/wp-content\/uploads\/2024\/07\/Sustenabila.png","width":1031,"height":383},{"@type":"BreadcrumbList","@id":"https:\/\/www.asemer.ro\/index.php\/event\/sustenlandia-ceo-forum\/#breadcrumb","itemListElement":[{"@type":"ListItem","position":1,"name":"Home","item":"https:\/\/www.asemer.ro\/"},{"@type":"ListItem","position":2,"name":"SUSTENLANDIA CEO Forum"}]},{"@type":"WebSite","@id":"https:\/\/www.asemer.ro\/#website","url":"https:\/\/www.asemer.ro\/","name":"ASEMER","description":"Asociaci\u00f3n de Empresas Espa\u00f1olas en Ruman\u00eda","publisher":{"@id":"https:\/\/www.asemer.ro\/#organization"},"potentialAction":[{"@type":"SearchAction","target":{"@type":"EntryPoint","urlTemplate":"https:\/\/www.asemer.ro\/?s={search_term_string}"},"query-input":{"@type":"PropertyValueSpecification","valueRequired":true,"valueName":"search_term_string"}}],"inLanguage":"es"},{"@type":"Organization","@id":"https:\/\/www.asemer.ro\/#organization","name":"ASEMER","url":"https:\/\/www.asemer.ro\/","logo":{"@type":"ImageObject","inLanguage":"es","@id":"https:\/\/www.asemer.ro\/#\/schema\/logo\/image\/","url":"https:\/\/www.asemer.ro\/wp-content\/uploads\/2020\/12\/logo-ASEMER-scaled.jpg","contentUrl":"https:\/\/www.asemer.ro\/wp-content\/uploads\/2020\/12\/logo-ASEMER-scaled.jpg","width":2560,"height":849,"caption":"ASEMER"},"image":{"@id":"https:\/\/www.asemer.ro\/#\/schema\/logo\/image\/"},"sameAs":["https:\/\/www.facebook.com\/asociacionasemer","https:\/\/x.com\/asemer_rumania","https:\/\/ro.linkedin.com\/in\/asemer-asociaci\u00f3n-empresas-espa\u00f1olas-en-ruman\u00eda-724772a6?trk=author_mini-profile_title","https:\/\/www.youtube.com\/channel\/UC73m8-BDsg857OL0Ogv5aQA\/videos"]}]}},"_links":{"self":[{"href":"https:\/\/www.asemer.ro\/index.php\/wp-json\/wp\/v2\/event_listing\/11074","targetHints":{"allow":["GET"]}}],"collection":[{"href":"https:\/\/www.asemer.ro\/index.php\/wp-json\/wp\/v2\/event_listing"}],"about":[{"href":"https:\/\/www.asemer.ro\/index.php\/wp-json\/wp\/v2\/types\/event_listing"}],"wp:featuredmedia":[{"embeddable":true,"href":"https:\/\/www.asemer.ro\/index.php\/wp-json\/wp\/v2\/media\/11075"}],"wp:attachment":[{"href":"https:\/\/www.asemer.ro\/index.php\/wp-json\/wp\/v2\/media?parent=11074"}],"wp:term":[{"taxonomy":"event_listing_category","embeddable":true,"href":"https:\/\/www.asemer.ro\/index.php\/wp-json\/wp\/v2\/event_listing_category?post=11074"},{"taxonomy":"event_listing_type","embeddable":true,"href":"https:\/\/www.asemer.ro\/index.php\/wp-json\/wp\/v2\/event_listing_type?post=11074"}],"curies":[{"name":"wp","href":"https:\/\/api.w.org\/{rel}","templated":true}]}}