{"id":11311,"date":"2024-09-02T11:52:24","date_gmt":"2024-09-02T09:52:24","guid":{"rendered":"https:\/\/www.asemer.ro\/?post_type=event_listing&#038;p=11311"},"modified":"2024-09-02T11:56:43","modified_gmt":"2024-09-02T09:56:43","slug":"tapas-y-vino-con-aroma-de-holanda","status":"publish","type":"event_listing","link":"https:\/\/www.asemer.ro\/index.php\/event\/tapas-y-vino-con-aroma-de-holanda\/","title":{"rendered":"TAPAS Y VINO CON AROMA DE HOLANDA"},"content":{"rendered":"\n<p>ASEMER- La Asociaci\u00f3n de Empresas Espa\u00f1olas en Ruman\u00eda, se complace en invitarle<\/p>\n\n\n\n<p>a una nueva edici\u00f3n de su evento mensual de networking, llamado <strong>\u201cTapas y Vino con Aroma de Holanda\u201d.<\/strong><\/p>\n\n\n\n<p>Acomp\u00e1\u00f1enos al CH Hotel el pr\u00f3ximo jueves 19 de septiembre, para una velada de comida, bebida y m\u00fasica en compa\u00f1\u00eda de nuestros miembros y colaboradores.<\/p>\n\n\n\n<p>El CH Hotel se encuentra en el Bulevardul Mircea Voda, Nr. 21 y ser\u00e1 nuestro anfitri\u00f3n.<\/p>\n\n\n\n<p>No olvide registrarse:<\/p>\n\n\n\n<p><a href=\"https:\/\/docs.google.com\/forms\/d\/e\/1FAIpQLSetKFKdhsAuNRcJ1BINOe3og4ZM2PvRNL4l6kHsrf5U15eUTQ\/viewform?usp=sf_link\">https:\/\/docs.google.com\/forms\/d\/e\/1FAIpQLSetKFKdhsAuNRcJ1BINOe3og4ZM2PvRNL4l6kHsrf5U15eUTQ\/viewform?usp=sf_link<\/a><\/p>\n\n\n\n<p>La cuota de participaci\u00f3n es:<br>-130 Ron (si paga por adelantado)\/ 145  (si paga el d\u00eda del evento) para los socios de<br>ASEMER y de NRCC.<br>-145 Ron\/160 Ron respectivamente para los no socios de las dos organizaciones.<\/p>\n\n\n\n<p><br>Cada participante deber\u00e1 registrarse individualmente.<\/p>\n\n\n\n<p>\u00a1Esperamos con ilusi\u00f3n verle!<\/p>\n\n\n\n<figure class=\"wp-block-image size-large\"><img loading=\"lazy\" decoding=\"async\" width=\"724\" height=\"1024\" src=\"https:\/\/www.asemer.ro\/wp-content\/uploads\/2024\/09\/Tapas-y-Vino-724x1024.jpg\" alt=\"\" class=\"wp-image-11312\" srcset=\"https:\/\/www.asemer.ro\/wp-content\/uploads\/2024\/09\/Tapas-y-Vino-724x1024.jpg 724w, https:\/\/www.asemer.ro\/wp-content\/uploads\/2024\/09\/Tapas-y-Vino-212x300.jpg 212w, https:\/\/www.asemer.ro\/wp-content\/uploads\/2024\/09\/Tapas-y-Vino-768x1086.jpg 768w, https:\/\/www.asemer.ro\/wp-content\/uploads\/2024\/09\/Tapas-y-Vino-543x768.jpg 543w, https:\/\/www.asemer.ro\/wp-content\/uploads\/2024\/09\/Tapas-y-Vino-1086x1536.jpg 1086w, https:\/\/www.asemer.ro\/wp-content\/uploads\/2024\/09\/Tapas-y-Vino-720x1019.jpg 720w, https:\/\/www.asemer.ro\/wp-content\/uploads\/2024\/09\/Tapas-y-Vino.jpg 1131w\" sizes=\"auto, (max-width: 724px) 100vw, 724px\" \/><\/figure>\n","protected":false},"featured_media":11312,"template":"","meta":[],"event_listing_category":[291],"event_listing_type":[],"class_list":["post-11311","event_listing","type-event_listing","status-publish","has-post-thumbnail","hentry","event_listing_category-business-professional-2024"],"yoast_head":"<!-- This site is optimized with the Yoast SEO plugin v27.5 - https:\/\/yoast.com\/product\/yoast-seo-wordpress\/ -->\n<title>TAPAS Y VINO CON AROMA DE HOLANDA - ASEMER<\/title>\n<meta name=\"robots\" content=\"index, follow, max-snippet:-1, max-image-preview:large, max-video-preview:-1\" \/>\n<link rel=\"canonical\" href=\"https:\/\/www.asemer.ro\/index.php\/event\/tapas-y-vino-con-aroma-de-holanda\/\" \/>\n<meta property=\"og:locale\" content=\"es_ES\" \/>\n<meta property=\"og:type\" content=\"article\" \/>\n<meta property=\"og:title\" content=\"TAPAS Y VINO CON AROMA DE HOLANDA - ASEMER\" \/>\n<meta property=\"og:description\" content=\"ASEMER- La Asociaci\u00f3n de Empresas Espa\u00f1olas en Ruman\u00eda, se complace en invitarle a una nueva edici\u00f3n de su evento mensual [&hellip;]\" \/>\n<meta property=\"og:url\" content=\"https:\/\/www.asemer.ro\/index.php\/event\/tapas-y-vino-con-aroma-de-holanda\/\" \/>\n<meta property=\"og:site_name\" content=\"ASEMER\" \/>\n<meta property=\"article:publisher\" content=\"https:\/\/www.facebook.com\/asociacionasemer\" \/>\n<meta property=\"article:modified_time\" content=\"2024-09-02T09:56:43+00:00\" \/>\n<meta property=\"og:image\" content=\"https:\/\/www.asemer.ro\/wp-content\/uploads\/2024\/09\/Tapas-y-Vino.jpg\" \/>\n\t<meta property=\"og:image:width\" content=\"1131\" \/>\n\t<meta property=\"og:image:height\" content=\"1600\" \/>\n\t<meta property=\"og:image:type\" content=\"image\/jpeg\" \/>\n<meta name=\"twitter:card\" content=\"summary_large_image\" \/>\n<meta name=\"twitter:site\" content=\"@asemer_rumania\" \/>\n<meta name=\"twitter:label1\" content=\"Tiempo de lectura\" \/>\n\t<meta name=\"twitter:data1\" content=\"1 minuto\" \/>\n<script type=\"application\/ld+json\" class=\"yoast-schema-graph\">{\"@context\":\"https:\\\/\\\/schema.org\",\"@graph\":[{\"@type\":\"WebPage\",\"@id\":\"https:\\\/\\\/www.asemer.ro\\\/index.php\\\/event\\\/tapas-y-vino-con-aroma-de-holanda\\\/\",\"url\":\"https:\\\/\\\/www.asemer.ro\\\/index.php\\\/event\\\/tapas-y-vino-con-aroma-de-holanda\\\/\",\"name\":\"TAPAS Y VINO CON AROMA DE HOLANDA - ASEMER\",\"isPartOf\":{\"@id\":\"https:\\\/\\\/www.asemer.ro\\\/#website\"},\"primaryImageOfPage\":{\"@id\":\"https:\\\/\\\/www.asemer.ro\\\/index.php\\\/event\\\/tapas-y-vino-con-aroma-de-holanda\\\/#primaryimage\"},\"image\":{\"@id\":\"https:\\\/\\\/www.asemer.ro\\\/index.php\\\/event\\\/tapas-y-vino-con-aroma-de-holanda\\\/#primaryimage\"},\"thumbnailUrl\":\"https:\\\/\\\/www.asemer.ro\\\/wp-content\\\/uploads\\\/2024\\\/09\\\/Tapas-y-Vino.jpg\",\"datePublished\":\"2024-09-02T09:52:24+00:00\",\"dateModified\":\"2024-09-02T09:56:43+00:00\",\"breadcrumb\":{\"@id\":\"https:\\\/\\\/www.asemer.ro\\\/index.php\\\/event\\\/tapas-y-vino-con-aroma-de-holanda\\\/#breadcrumb\"},\"inLanguage\":\"es\",\"potentialAction\":[{\"@type\":\"ReadAction\",\"target\":[\"https:\\\/\\\/www.asemer.ro\\\/index.php\\\/event\\\/tapas-y-vino-con-aroma-de-holanda\\\/\"]}]},{\"@type\":\"ImageObject\",\"inLanguage\":\"es\",\"@id\":\"https:\\\/\\\/www.asemer.ro\\\/index.php\\\/event\\\/tapas-y-vino-con-aroma-de-holanda\\\/#primaryimage\",\"url\":\"https:\\\/\\\/www.asemer.ro\\\/wp-content\\\/uploads\\\/2024\\\/09\\\/Tapas-y-Vino.jpg\",\"contentUrl\":\"https:\\\/\\\/www.asemer.ro\\\/wp-content\\\/uploads\\\/2024\\\/09\\\/Tapas-y-Vino.jpg\",\"width\":1131,\"height\":1600},{\"@type\":\"BreadcrumbList\",\"@id\":\"https:\\\/\\\/www.asemer.ro\\\/index.php\\\/event\\\/tapas-y-vino-con-aroma-de-holanda\\\/#breadcrumb\",\"itemListElement\":[{\"@type\":\"ListItem\",\"position\":1,\"name\":\"Home\",\"item\":\"https:\\\/\\\/www.asemer.ro\\\/\"},{\"@type\":\"ListItem\",\"position\":2,\"name\":\"TAPAS Y VINO CON AROMA DE HOLANDA\"}]},{\"@type\":\"WebSite\",\"@id\":\"https:\\\/\\\/www.asemer.ro\\\/#website\",\"url\":\"https:\\\/\\\/www.asemer.ro\\\/\",\"name\":\"ASEMER\",\"description\":\"Asociaci\u00f3n de Empresas Espa\u00f1olas en Ruman\u00eda\",\"publisher\":{\"@id\":\"https:\\\/\\\/www.asemer.ro\\\/#organization\"},\"potentialAction\":[{\"@type\":\"SearchAction\",\"target\":{\"@type\":\"EntryPoint\",\"urlTemplate\":\"https:\\\/\\\/www.asemer.ro\\\/?s={search_term_string}\"},\"query-input\":{\"@type\":\"PropertyValueSpecification\",\"valueRequired\":true,\"valueName\":\"search_term_string\"}}],\"inLanguage\":\"es\"},{\"@type\":\"Organization\",\"@id\":\"https:\\\/\\\/www.asemer.ro\\\/#organization\",\"name\":\"ASEMER\",\"url\":\"https:\\\/\\\/www.asemer.ro\\\/\",\"logo\":{\"@type\":\"ImageObject\",\"inLanguage\":\"es\",\"@id\":\"https:\\\/\\\/www.asemer.ro\\\/#\\\/schema\\\/logo\\\/image\\\/\",\"url\":\"https:\\\/\\\/www.asemer.ro\\\/wp-content\\\/uploads\\\/2020\\\/12\\\/logo-ASEMER-scaled.jpg\",\"contentUrl\":\"https:\\\/\\\/www.asemer.ro\\\/wp-content\\\/uploads\\\/2020\\\/12\\\/logo-ASEMER-scaled.jpg\",\"width\":2560,\"height\":849,\"caption\":\"ASEMER\"},\"image\":{\"@id\":\"https:\\\/\\\/www.asemer.ro\\\/#\\\/schema\\\/logo\\\/image\\\/\"},\"sameAs\":[\"https:\\\/\\\/www.facebook.com\\\/asociacionasemer\",\"https:\\\/\\\/x.com\\\/asemer_rumania\",\"https:\\\/\\\/ro.linkedin.com\\\/in\\\/asemer-asociaci\u00f3n-empresas-espa\u00f1olas-en-ruman\u00eda-724772a6?trk=author_mini-profile_title\",\"https:\\\/\\\/www.youtube.com\\\/channel\\\/UC73m8-BDsg857OL0Ogv5aQA\\\/videos\"]}]}<\/script>\n<!-- \/ Yoast SEO plugin. -->","yoast_head_json":{"title":"TAPAS Y VINO CON AROMA DE HOLANDA - ASEMER","robots":{"index":"index","follow":"follow","max-snippet":"max-snippet:-1","max-image-preview":"max-image-preview:large","max-video-preview":"max-video-preview:-1"},"canonical":"https:\/\/www.asemer.ro\/index.php\/event\/tapas-y-vino-con-aroma-de-holanda\/","og_locale":"es_ES","og_type":"article","og_title":"TAPAS Y VINO CON AROMA DE HOLANDA - ASEMER","og_description":"ASEMER- La Asociaci\u00f3n de Empresas Espa\u00f1olas en Ruman\u00eda, se complace en invitarle a una nueva edici\u00f3n de su evento mensual [&hellip;]","og_url":"https:\/\/www.asemer.ro\/index.php\/event\/tapas-y-vino-con-aroma-de-holanda\/","og_site_name":"ASEMER","article_publisher":"https:\/\/www.facebook.com\/asociacionasemer","article_modified_time":"2024-09-02T09:56:43+00:00","og_image":[{"width":1131,"height":1600,"url":"https:\/\/www.asemer.ro\/wp-content\/uploads\/2024\/09\/Tapas-y-Vino.jpg","type":"image\/jpeg"}],"twitter_card":"summary_large_image","twitter_site":"@asemer_rumania","twitter_misc":{"Tiempo de lectura":"1 minuto"},"schema":{"@context":"https:\/\/schema.org","@graph":[{"@type":"WebPage","@id":"https:\/\/www.asemer.ro\/index.php\/event\/tapas-y-vino-con-aroma-de-holanda\/","url":"https:\/\/www.asemer.ro\/index.php\/event\/tapas-y-vino-con-aroma-de-holanda\/","name":"TAPAS Y VINO CON AROMA DE HOLANDA - ASEMER","isPartOf":{"@id":"https:\/\/www.asemer.ro\/#website"},"primaryImageOfPage":{"@id":"https:\/\/www.asemer.ro\/index.php\/event\/tapas-y-vino-con-aroma-de-holanda\/#primaryimage"},"image":{"@id":"https:\/\/www.asemer.ro\/index.php\/event\/tapas-y-vino-con-aroma-de-holanda\/#primaryimage"},"thumbnailUrl":"https:\/\/www.asemer.ro\/wp-content\/uploads\/2024\/09\/Tapas-y-Vino.jpg","datePublished":"2024-09-02T09:52:24+00:00","dateModified":"2024-09-02T09:56:43+00:00","breadcrumb":{"@id":"https:\/\/www.asemer.ro\/index.php\/event\/tapas-y-vino-con-aroma-de-holanda\/#breadcrumb"},"inLanguage":"es","potentialAction":[{"@type":"ReadAction","target":["https:\/\/www.asemer.ro\/index.php\/event\/tapas-y-vino-con-aroma-de-holanda\/"]}]},{"@type":"ImageObject","inLanguage":"es","@id":"https:\/\/www.asemer.ro\/index.php\/event\/tapas-y-vino-con-aroma-de-holanda\/#primaryimage","url":"https:\/\/www.asemer.ro\/wp-content\/uploads\/2024\/09\/Tapas-y-Vino.jpg","contentUrl":"https:\/\/www.asemer.ro\/wp-content\/uploads\/2024\/09\/Tapas-y-Vino.jpg","width":1131,"height":1600},{"@type":"BreadcrumbList","@id":"https:\/\/www.asemer.ro\/index.php\/event\/tapas-y-vino-con-aroma-de-holanda\/#breadcrumb","itemListElement":[{"@type":"ListItem","position":1,"name":"Home","item":"https:\/\/www.asemer.ro\/"},{"@type":"ListItem","position":2,"name":"TAPAS Y VINO CON AROMA DE HOLANDA"}]},{"@type":"WebSite","@id":"https:\/\/www.asemer.ro\/#website","url":"https:\/\/www.asemer.ro\/","name":"ASEMER","description":"Asociaci\u00f3n de Empresas Espa\u00f1olas en Ruman\u00eda","publisher":{"@id":"https:\/\/www.asemer.ro\/#organization"},"potentialAction":[{"@type":"SearchAction","target":{"@type":"EntryPoint","urlTemplate":"https:\/\/www.asemer.ro\/?s={search_term_string}"},"query-input":{"@type":"PropertyValueSpecification","valueRequired":true,"valueName":"search_term_string"}}],"inLanguage":"es"},{"@type":"Organization","@id":"https:\/\/www.asemer.ro\/#organization","name":"ASEMER","url":"https:\/\/www.asemer.ro\/","logo":{"@type":"ImageObject","inLanguage":"es","@id":"https:\/\/www.asemer.ro\/#\/schema\/logo\/image\/","url":"https:\/\/www.asemer.ro\/wp-content\/uploads\/2020\/12\/logo-ASEMER-scaled.jpg","contentUrl":"https:\/\/www.asemer.ro\/wp-content\/uploads\/2020\/12\/logo-ASEMER-scaled.jpg","width":2560,"height":849,"caption":"ASEMER"},"image":{"@id":"https:\/\/www.asemer.ro\/#\/schema\/logo\/image\/"},"sameAs":["https:\/\/www.facebook.com\/asociacionasemer","https:\/\/x.com\/asemer_rumania","https:\/\/ro.linkedin.com\/in\/asemer-asociaci\u00f3n-empresas-espa\u00f1olas-en-ruman\u00eda-724772a6?trk=author_mini-profile_title","https:\/\/www.youtube.com\/channel\/UC73m8-BDsg857OL0Ogv5aQA\/videos"]}]}},"_links":{"self":[{"href":"https:\/\/www.asemer.ro\/index.php\/wp-json\/wp\/v2\/event_listing\/11311","targetHints":{"allow":["GET"]}}],"collection":[{"href":"https:\/\/www.asemer.ro\/index.php\/wp-json\/wp\/v2\/event_listing"}],"about":[{"href":"https:\/\/www.asemer.ro\/index.php\/wp-json\/wp\/v2\/types\/event_listing"}],"wp:featuredmedia":[{"embeddable":true,"href":"https:\/\/www.asemer.ro\/index.php\/wp-json\/wp\/v2\/media\/11312"}],"wp:attachment":[{"href":"https:\/\/www.asemer.ro\/index.php\/wp-json\/wp\/v2\/media?parent=11311"}],"wp:term":[{"taxonomy":"event_listing_category","embeddable":true,"href":"https:\/\/www.asemer.ro\/index.php\/wp-json\/wp\/v2\/event_listing_category?post=11311"},{"taxonomy":"event_listing_type","embeddable":true,"href":"https:\/\/www.asemer.ro\/index.php\/wp-json\/wp\/v2\/event_listing_type?post=11311"}],"curies":[{"name":"wp","href":"https:\/\/api.w.org\/{rel}","templated":true}]}}