{"id":11674,"date":"2024-10-01T12:29:24","date_gmt":"2024-10-01T10:29:24","guid":{"rendered":"https:\/\/www.asemer.ro\/?post_type=event_listing&#038;p=11674"},"modified":"2024-10-03T19:09:06","modified_gmt":"2024-10-03T17:09:06","slug":"paella-y-sangria-dia-de-espana","status":"publish","type":"event_listing","link":"https:\/\/www.asemer.ro\/index.php\/event\/paella-y-sangria-dia-de-espana\/","title":{"rendered":"PAELLA Y SANGR\u00cdA \u2013 D\u00cdA DE ESPA\u00d1A"},"content":{"rendered":"\n<p>EN EL RESTAURANTE PATA NEGRA<\/p>\n\n\n\n<p>La Asociaci\u00f3n de Empresas Espa\u00f1olas en Ruman\u00eda, se complace en invitarle a un nuevo evento, llamado \u201cPAELLA Y SANGRIA\u201d. Acomp\u00e1\u00f1enos al Restaurante Pata Negra (<a href=\"https:\/\/www.patanegra.ro\">https:\/\/www.patanegra.ro<\/a>) el 17 de octubre, para una velada de comida, bebida y m\u00fasica en compa\u00f1\u00eda de nuestros miembros y colaboradores.<\/p>\n\n\n\n<p><br>El Restaurante Pata Negra es un restaurante especializado en gastronomia espa\u00f1ola, cuenta con una amplia experiencia y en \u00e9l podremos disfrutar de la comida y la bebida m\u00e1s tipica de Espa\u00f1a, est\u00e1 situado en Strada Washington nr.11 y ser\u00e1 nuestro anfitri\u00f3n.<\/p>\n\n\n\n<p>No olvide registrarse:<\/p>\n\n\n\n<p><a href=\"https:\/\/docs.google.com\/forms\/d\/e\/1FAIpQLSeU16U0RZuM4kY90Ljx7HBs3ZRusxO_F14o74-nyIEQqUOZXw\/viewform?usp=sf_link\">https:\/\/docs.google.com\/forms\/d\/e\/1FAIpQLSeU16U0RZuM4kY90Ljx7HBs3ZRusxO_F14o74-nyIEQqUOZXw\/viewform?usp=sf_link<\/a><\/p>\n\n\n\n<p>La cuota de participaci\u00f3n es la siguiente:&nbsp;<br>-165 Ron (si paga por adelantado)\/ 180 (si paga el d\u00eda del evento) para los socios de ASEMER.<br>-180 Ron\/200 Ron respectivamente para no socios.<br>Cada participante deber\u00e1 registrarse individualmente.<br>\u00a1Esperamos con ilusi\u00f3n verle!<\/p>\n\n\n\n<p>Se ruega confirmaci\u00f3n lo antes posible, aforo limitado.<\/p>\n\n\n\n<figure class=\"wp-block-image size-large\"><img loading=\"lazy\" decoding=\"async\" width=\"724\" height=\"1024\" src=\"https:\/\/www.asemer.ro\/wp-content\/uploads\/2024\/10\/Paella-y-Sangria--724x1024.png\" alt=\"\" class=\"wp-image-11675\" srcset=\"https:\/\/www.asemer.ro\/wp-content\/uploads\/2024\/10\/Paella-y-Sangria--724x1024.png 724w, https:\/\/www.asemer.ro\/wp-content\/uploads\/2024\/10\/Paella-y-Sangria--212x300.png 212w, https:\/\/www.asemer.ro\/wp-content\/uploads\/2024\/10\/Paella-y-Sangria--768x1086.png 768w, https:\/\/www.asemer.ro\/wp-content\/uploads\/2024\/10\/Paella-y-Sangria--543x768.png 543w, https:\/\/www.asemer.ro\/wp-content\/uploads\/2024\/10\/Paella-y-Sangria--1086x1536.png 1086w, https:\/\/www.asemer.ro\/wp-content\/uploads\/2024\/10\/Paella-y-Sangria--1448x2048.png 1448w, https:\/\/www.asemer.ro\/wp-content\/uploads\/2024\/10\/Paella-y-Sangria--720x1019.png 720w, https:\/\/www.asemer.ro\/wp-content\/uploads\/2024\/10\/Paella-y-Sangria-.png 1587w\" sizes=\"auto, (max-width: 724px) 100vw, 724px\" \/><\/figure>\n","protected":false},"featured_media":11675,"template":"","meta":[],"event_listing_category":[291],"event_listing_type":[],"class_list":["post-11674","event_listing","type-event_listing","status-publish","has-post-thumbnail","hentry","event_listing_category-business-professional-2024"],"yoast_head":"<!-- This site is optimized with the Yoast SEO plugin v27.5 - https:\/\/yoast.com\/product\/yoast-seo-wordpress\/ -->\n<title>PAELLA Y SANGR\u00cdA \u2013 D\u00cdA DE ESPA\u00d1A - ASEMER<\/title>\n<meta name=\"robots\" content=\"index, follow, max-snippet:-1, max-image-preview:large, max-video-preview:-1\" \/>\n<link rel=\"canonical\" href=\"https:\/\/www.asemer.ro\/index.php\/event\/paella-y-sangria-dia-de-espana\/\" \/>\n<meta property=\"og:locale\" content=\"es_ES\" \/>\n<meta property=\"og:type\" content=\"article\" \/>\n<meta property=\"og:title\" content=\"PAELLA Y SANGR\u00cdA \u2013 D\u00cdA DE ESPA\u00d1A - ASEMER\" \/>\n<meta property=\"og:description\" content=\"EN EL RESTAURANTE PATA NEGRA La Asociaci\u00f3n de Empresas Espa\u00f1olas en Ruman\u00eda, se complace en invitarle a un nuevo evento, [&hellip;]\" \/>\n<meta property=\"og:url\" content=\"https:\/\/www.asemer.ro\/index.php\/event\/paella-y-sangria-dia-de-espana\/\" \/>\n<meta property=\"og:site_name\" content=\"ASEMER\" \/>\n<meta property=\"article:publisher\" content=\"https:\/\/www.facebook.com\/asociacionasemer\" \/>\n<meta property=\"article:modified_time\" content=\"2024-10-03T17:09:06+00:00\" \/>\n<meta property=\"og:image\" content=\"https:\/\/www.asemer.ro\/wp-content\/uploads\/2024\/10\/Paella-y-Sangria--724x1024.png\" \/>\n\t<meta property=\"og:image:width\" content=\"724\" \/>\n\t<meta property=\"og:image:height\" content=\"1024\" \/>\n\t<meta property=\"og:image:type\" content=\"image\/png\" \/>\n<meta name=\"twitter:card\" content=\"summary_large_image\" \/>\n<meta name=\"twitter:site\" content=\"@asemer_rumania\" \/>\n<meta name=\"twitter:label1\" content=\"Tiempo de lectura\" \/>\n\t<meta name=\"twitter:data1\" content=\"2 minutos\" \/>\n<script type=\"application\/ld+json\" class=\"yoast-schema-graph\">{\"@context\":\"https:\\\/\\\/schema.org\",\"@graph\":[{\"@type\":\"WebPage\",\"@id\":\"https:\\\/\\\/www.asemer.ro\\\/index.php\\\/event\\\/paella-y-sangria-dia-de-espana\\\/\",\"url\":\"https:\\\/\\\/www.asemer.ro\\\/index.php\\\/event\\\/paella-y-sangria-dia-de-espana\\\/\",\"name\":\"PAELLA Y SANGR\u00cdA \u2013 D\u00cdA DE ESPA\u00d1A - ASEMER\",\"isPartOf\":{\"@id\":\"https:\\\/\\\/www.asemer.ro\\\/#website\"},\"primaryImageOfPage\":{\"@id\":\"https:\\\/\\\/www.asemer.ro\\\/index.php\\\/event\\\/paella-y-sangria-dia-de-espana\\\/#primaryimage\"},\"image\":{\"@id\":\"https:\\\/\\\/www.asemer.ro\\\/index.php\\\/event\\\/paella-y-sangria-dia-de-espana\\\/#primaryimage\"},\"thumbnailUrl\":\"https:\\\/\\\/www.asemer.ro\\\/wp-content\\\/uploads\\\/2024\\\/10\\\/Paella-y-Sangria-.png\",\"datePublished\":\"2024-10-01T10:29:24+00:00\",\"dateModified\":\"2024-10-03T17:09:06+00:00\",\"breadcrumb\":{\"@id\":\"https:\\\/\\\/www.asemer.ro\\\/index.php\\\/event\\\/paella-y-sangria-dia-de-espana\\\/#breadcrumb\"},\"inLanguage\":\"es\",\"potentialAction\":[{\"@type\":\"ReadAction\",\"target\":[\"https:\\\/\\\/www.asemer.ro\\\/index.php\\\/event\\\/paella-y-sangria-dia-de-espana\\\/\"]}]},{\"@type\":\"ImageObject\",\"inLanguage\":\"es\",\"@id\":\"https:\\\/\\\/www.asemer.ro\\\/index.php\\\/event\\\/paella-y-sangria-dia-de-espana\\\/#primaryimage\",\"url\":\"https:\\\/\\\/www.asemer.ro\\\/wp-content\\\/uploads\\\/2024\\\/10\\\/Paella-y-Sangria-.png\",\"contentUrl\":\"https:\\\/\\\/www.asemer.ro\\\/wp-content\\\/uploads\\\/2024\\\/10\\\/Paella-y-Sangria-.png\",\"width\":1587,\"height\":2245},{\"@type\":\"BreadcrumbList\",\"@id\":\"https:\\\/\\\/www.asemer.ro\\\/index.php\\\/event\\\/paella-y-sangria-dia-de-espana\\\/#breadcrumb\",\"itemListElement\":[{\"@type\":\"ListItem\",\"position\":1,\"name\":\"Home\",\"item\":\"https:\\\/\\\/www.asemer.ro\\\/\"},{\"@type\":\"ListItem\",\"position\":2,\"name\":\"PAELLA Y SANGR\u00cdA \u2013 D\u00cdA DE ESPA\u00d1A\"}]},{\"@type\":\"WebSite\",\"@id\":\"https:\\\/\\\/www.asemer.ro\\\/#website\",\"url\":\"https:\\\/\\\/www.asemer.ro\\\/\",\"name\":\"ASEMER\",\"description\":\"Asociaci\u00f3n de Empresas Espa\u00f1olas en Ruman\u00eda\",\"publisher\":{\"@id\":\"https:\\\/\\\/www.asemer.ro\\\/#organization\"},\"potentialAction\":[{\"@type\":\"SearchAction\",\"target\":{\"@type\":\"EntryPoint\",\"urlTemplate\":\"https:\\\/\\\/www.asemer.ro\\\/?s={search_term_string}\"},\"query-input\":{\"@type\":\"PropertyValueSpecification\",\"valueRequired\":true,\"valueName\":\"search_term_string\"}}],\"inLanguage\":\"es\"},{\"@type\":\"Organization\",\"@id\":\"https:\\\/\\\/www.asemer.ro\\\/#organization\",\"name\":\"ASEMER\",\"url\":\"https:\\\/\\\/www.asemer.ro\\\/\",\"logo\":{\"@type\":\"ImageObject\",\"inLanguage\":\"es\",\"@id\":\"https:\\\/\\\/www.asemer.ro\\\/#\\\/schema\\\/logo\\\/image\\\/\",\"url\":\"https:\\\/\\\/www.asemer.ro\\\/wp-content\\\/uploads\\\/2020\\\/12\\\/logo-ASEMER-scaled.jpg\",\"contentUrl\":\"https:\\\/\\\/www.asemer.ro\\\/wp-content\\\/uploads\\\/2020\\\/12\\\/logo-ASEMER-scaled.jpg\",\"width\":2560,\"height\":849,\"caption\":\"ASEMER\"},\"image\":{\"@id\":\"https:\\\/\\\/www.asemer.ro\\\/#\\\/schema\\\/logo\\\/image\\\/\"},\"sameAs\":[\"https:\\\/\\\/www.facebook.com\\\/asociacionasemer\",\"https:\\\/\\\/x.com\\\/asemer_rumania\",\"https:\\\/\\\/ro.linkedin.com\\\/in\\\/asemer-asociaci\u00f3n-empresas-espa\u00f1olas-en-ruman\u00eda-724772a6?trk=author_mini-profile_title\",\"https:\\\/\\\/www.youtube.com\\\/channel\\\/UC73m8-BDsg857OL0Ogv5aQA\\\/videos\"]}]}<\/script>\n<!-- \/ Yoast SEO plugin. -->","yoast_head_json":{"title":"PAELLA Y SANGR\u00cdA \u2013 D\u00cdA DE ESPA\u00d1A - ASEMER","robots":{"index":"index","follow":"follow","max-snippet":"max-snippet:-1","max-image-preview":"max-image-preview:large","max-video-preview":"max-video-preview:-1"},"canonical":"https:\/\/www.asemer.ro\/index.php\/event\/paella-y-sangria-dia-de-espana\/","og_locale":"es_ES","og_type":"article","og_title":"PAELLA Y SANGR\u00cdA \u2013 D\u00cdA DE ESPA\u00d1A - ASEMER","og_description":"EN EL RESTAURANTE PATA NEGRA La Asociaci\u00f3n de Empresas Espa\u00f1olas en Ruman\u00eda, se complace en invitarle a un nuevo evento, [&hellip;]","og_url":"https:\/\/www.asemer.ro\/index.php\/event\/paella-y-sangria-dia-de-espana\/","og_site_name":"ASEMER","article_publisher":"https:\/\/www.facebook.com\/asociacionasemer","article_modified_time":"2024-10-03T17:09:06+00:00","og_image":[{"width":724,"height":1024,"url":"https:\/\/www.asemer.ro\/wp-content\/uploads\/2024\/10\/Paella-y-Sangria--724x1024.png","type":"image\/png"}],"twitter_card":"summary_large_image","twitter_site":"@asemer_rumania","twitter_misc":{"Tiempo de lectura":"2 minutos"},"schema":{"@context":"https:\/\/schema.org","@graph":[{"@type":"WebPage","@id":"https:\/\/www.asemer.ro\/index.php\/event\/paella-y-sangria-dia-de-espana\/","url":"https:\/\/www.asemer.ro\/index.php\/event\/paella-y-sangria-dia-de-espana\/","name":"PAELLA Y SANGR\u00cdA \u2013 D\u00cdA DE ESPA\u00d1A - ASEMER","isPartOf":{"@id":"https:\/\/www.asemer.ro\/#website"},"primaryImageOfPage":{"@id":"https:\/\/www.asemer.ro\/index.php\/event\/paella-y-sangria-dia-de-espana\/#primaryimage"},"image":{"@id":"https:\/\/www.asemer.ro\/index.php\/event\/paella-y-sangria-dia-de-espana\/#primaryimage"},"thumbnailUrl":"https:\/\/www.asemer.ro\/wp-content\/uploads\/2024\/10\/Paella-y-Sangria-.png","datePublished":"2024-10-01T10:29:24+00:00","dateModified":"2024-10-03T17:09:06+00:00","breadcrumb":{"@id":"https:\/\/www.asemer.ro\/index.php\/event\/paella-y-sangria-dia-de-espana\/#breadcrumb"},"inLanguage":"es","potentialAction":[{"@type":"ReadAction","target":["https:\/\/www.asemer.ro\/index.php\/event\/paella-y-sangria-dia-de-espana\/"]}]},{"@type":"ImageObject","inLanguage":"es","@id":"https:\/\/www.asemer.ro\/index.php\/event\/paella-y-sangria-dia-de-espana\/#primaryimage","url":"https:\/\/www.asemer.ro\/wp-content\/uploads\/2024\/10\/Paella-y-Sangria-.png","contentUrl":"https:\/\/www.asemer.ro\/wp-content\/uploads\/2024\/10\/Paella-y-Sangria-.png","width":1587,"height":2245},{"@type":"BreadcrumbList","@id":"https:\/\/www.asemer.ro\/index.php\/event\/paella-y-sangria-dia-de-espana\/#breadcrumb","itemListElement":[{"@type":"ListItem","position":1,"name":"Home","item":"https:\/\/www.asemer.ro\/"},{"@type":"ListItem","position":2,"name":"PAELLA Y SANGR\u00cdA \u2013 D\u00cdA DE ESPA\u00d1A"}]},{"@type":"WebSite","@id":"https:\/\/www.asemer.ro\/#website","url":"https:\/\/www.asemer.ro\/","name":"ASEMER","description":"Asociaci\u00f3n de Empresas Espa\u00f1olas en Ruman\u00eda","publisher":{"@id":"https:\/\/www.asemer.ro\/#organization"},"potentialAction":[{"@type":"SearchAction","target":{"@type":"EntryPoint","urlTemplate":"https:\/\/www.asemer.ro\/?s={search_term_string}"},"query-input":{"@type":"PropertyValueSpecification","valueRequired":true,"valueName":"search_term_string"}}],"inLanguage":"es"},{"@type":"Organization","@id":"https:\/\/www.asemer.ro\/#organization","name":"ASEMER","url":"https:\/\/www.asemer.ro\/","logo":{"@type":"ImageObject","inLanguage":"es","@id":"https:\/\/www.asemer.ro\/#\/schema\/logo\/image\/","url":"https:\/\/www.asemer.ro\/wp-content\/uploads\/2020\/12\/logo-ASEMER-scaled.jpg","contentUrl":"https:\/\/www.asemer.ro\/wp-content\/uploads\/2020\/12\/logo-ASEMER-scaled.jpg","width":2560,"height":849,"caption":"ASEMER"},"image":{"@id":"https:\/\/www.asemer.ro\/#\/schema\/logo\/image\/"},"sameAs":["https:\/\/www.facebook.com\/asociacionasemer","https:\/\/x.com\/asemer_rumania","https:\/\/ro.linkedin.com\/in\/asemer-asociaci\u00f3n-empresas-espa\u00f1olas-en-ruman\u00eda-724772a6?trk=author_mini-profile_title","https:\/\/www.youtube.com\/channel\/UC73m8-BDsg857OL0Ogv5aQA\/videos"]}]}},"_links":{"self":[{"href":"https:\/\/www.asemer.ro\/index.php\/wp-json\/wp\/v2\/event_listing\/11674","targetHints":{"allow":["GET"]}}],"collection":[{"href":"https:\/\/www.asemer.ro\/index.php\/wp-json\/wp\/v2\/event_listing"}],"about":[{"href":"https:\/\/www.asemer.ro\/index.php\/wp-json\/wp\/v2\/types\/event_listing"}],"wp:featuredmedia":[{"embeddable":true,"href":"https:\/\/www.asemer.ro\/index.php\/wp-json\/wp\/v2\/media\/11675"}],"wp:attachment":[{"href":"https:\/\/www.asemer.ro\/index.php\/wp-json\/wp\/v2\/media?parent=11674"}],"wp:term":[{"taxonomy":"event_listing_category","embeddable":true,"href":"https:\/\/www.asemer.ro\/index.php\/wp-json\/wp\/v2\/event_listing_category?post=11674"},{"taxonomy":"event_listing_type","embeddable":true,"href":"https:\/\/www.asemer.ro\/index.php\/wp-json\/wp\/v2\/event_listing_type?post=11674"}],"curies":[{"name":"wp","href":"https:\/\/api.w.org\/{rel}","templated":true}]}}