{"id":10728,"date":"2024-06-19T18:36:49","date_gmt":"2024-06-19T16:36:49","guid":{"rendered":"https:\/\/www.asemer.ro\/?page_id=10728"},"modified":"2025-06-03T17:00:50","modified_gmt":"2025-06-03T15:00:50","slug":"noticias","status":"publish","type":"page","link":"https:\/\/www.asemer.ro\/index.php\/colaboramos-con\/noticias\/","title":{"rendered":"Noticias de los miembros"},"content":{"rendered":"\n<h2 class=\"wp-block-heading\">erasmus+<\/h2>\n\n\n\n<p><strong>Confident da un paso estrat\u00e9gico hacia la formaci\u00f3n de la nueva generaci\u00f3n de profesionales internacionales en comunicaci\u00f3n, a trav\u00e9s del programa Erasmus+<\/strong><\/p>\n\n\n\n<ul class=\"wp-block-list\">\n<li><strong>La primera agencia de Ruman\u00eda en formar parte del programa internacional Erasmus+<\/strong><\/li>\n<\/ul>\n\n\n\n<p><strong>Confident Agency<\/strong>, compa\u00f1\u00eda especializada en comunicaci\u00f3n con sedes en Bucarest y Barcelona, da un paso estrat\u00e9gico hacia la formaci\u00f3n de una nueva generaci\u00f3n de profesionales internacionales al convertirse en la <strong>primera agencia de comunicaci\u00f3n en Ruman\u00eda colaborando en el programa Erasmus+<\/strong>.<\/p>\n\n\n\n<p>La colaboraci\u00f3n estrat\u00e9gica con <strong>ASEMER<\/strong> (Asociaci\u00f3n de Empresas Espa\u00f1olas en Ruman\u00eda) y el <strong>Instituto Zurbar\u00e1n<\/strong> de Espa\u00f1a consolida el papel de Confident como <strong>hub regional para iniciativas internacionales<\/strong> que combinan educaci\u00f3n, innovaci\u00f3n y comunicaci\u00f3n y la convierte en la primera agencia de Ruman\u00eda inscrita en el programa <strong>Erasmus+<\/strong>.<\/p>\n\n\n\n<figure class=\"wp-block-image size-large\"><img loading=\"lazy\" decoding=\"async\" width=\"1024\" height=\"682\" src=\"https:\/\/www.asemer.ro\/wp-content\/uploads\/2025\/06\/Imagen-de-WhatsApp-2025-06-03-a-las-17.47.02_0e796bc0-1-1024x682.jpg\" alt=\"\" class=\"wp-image-12918\" srcset=\"https:\/\/www.asemer.ro\/wp-content\/uploads\/2025\/06\/Imagen-de-WhatsApp-2025-06-03-a-las-17.47.02_0e796bc0-1-1024x682.jpg 1024w, https:\/\/www.asemer.ro\/wp-content\/uploads\/2025\/06\/Imagen-de-WhatsApp-2025-06-03-a-las-17.47.02_0e796bc0-1-300x200.jpg 300w, https:\/\/www.asemer.ro\/wp-content\/uploads\/2025\/06\/Imagen-de-WhatsApp-2025-06-03-a-las-17.47.02_0e796bc0-1-768x512.jpg 768w, https:\/\/www.asemer.ro\/wp-content\/uploads\/2025\/06\/Imagen-de-WhatsApp-2025-06-03-a-las-17.47.02_0e796bc0-1-1536x1023.jpg 1536w, https:\/\/www.asemer.ro\/wp-content\/uploads\/2025\/06\/Imagen-de-WhatsApp-2025-06-03-a-las-17.47.02_0e796bc0-1-720x480.jpg 720w, https:\/\/www.asemer.ro\/wp-content\/uploads\/2025\/06\/Imagen-de-WhatsApp-2025-06-03-a-las-17.47.02_0e796bc0-1.jpg 1600w\" sizes=\"auto, (max-width: 1024px) 100vw, 1024px\" \/><\/figure>\n\n\n\n<p>\u201cCreemos en una comunicaci\u00f3n que transforma, no solo que vende. Nuestra participaci\u00f3n en Erasmus+ forma parte de la visi\u00f3n de Confident de contribuir activamente a la formaci\u00f3n de j\u00f3venes profesionales. Somos una agencia din\u00e1mica, con un drive contin\u00fao enfocado a la innovaci\u00f3n y al desarrollo de la industria de la comunicaci\u00f3n en Europa. Adem\u00e1s, nos implicamos en proyectos que tienen un impacto y que generan resultados concretos dentro de la comunidad, de las personas y que ofrezca perspectivas. Nos sentimos orgullosos de ser la primera agencia rumana en sumarse a este programa y esperamos que nuestro ejemplo inspire a otras empresas\u201d, afirm\u00f3 <strong>Mara Gojgar-Constantin<\/strong>, fundadora de <strong>Confident Agency<\/strong>.<\/p>\n\n\n<div class=\"wp-block-image\">\n<figure class=\"alignright size-full is-resized\"><img loading=\"lazy\" decoding=\"async\" width=\"625\" height=\"958\" src=\"https:\/\/www.asemer.ro\/wp-content\/uploads\/2025\/06\/Imagen-de-WhatsApp-2025-06-03-a-las-17.45.49_3a5180d0.jpg\" alt=\"\" class=\"wp-image-12916\" style=\"width:388px;height:auto\" srcset=\"https:\/\/www.asemer.ro\/wp-content\/uploads\/2025\/06\/Imagen-de-WhatsApp-2025-06-03-a-las-17.45.49_3a5180d0.jpg 625w, https:\/\/www.asemer.ro\/wp-content\/uploads\/2025\/06\/Imagen-de-WhatsApp-2025-06-03-a-las-17.45.49_3a5180d0-196x300.jpg 196w\" sizes=\"auto, (max-width: 625px) 100vw, 625px\" \/><\/figure>\n<\/div>\n\n\n<p><strong>\u201cEl programa Erasmus+ ofrece a los j\u00f3venes que est\u00e1n comenzando su camino profesional una experiencia a nivel internacional de gran valor. Tienen la oportunidad de aprender directamente de profesionales del sector, desarrollando habilidades empresariales esenciales, mientras se exponen a una diversidad cultural que los forma no solo como especialistas, sino tambi\u00e9n como ciudadanos europeos.<\/strong><br>En este contexto, la incorporaci\u00f3n de Confident Agency representa una valiosa contribuci\u00f3n al programa, al crear un marco de aprendizaje pr\u00e1ctico en el \u00e1mbito de la comunicaci\u00f3n. La presencia internacional de la agencia \u2014con oficinas en Ruman\u00eda y Espa\u00f1a\u2014, junto con sus conexiones directas con el entorno empresarial espa\u00f1ol, han sido elementos clave que facilitaron esta colaboraci\u00f3n y convirtieron su participaci\u00f3n en Erasmus+ en una asociaci\u00f3n natural.<br>Nos alegra ver c\u00f3mo este programa se implementa con prop\u00f3sito y genera un impacto concreto en \u00e1reas como la comunicaci\u00f3n y el emprendimiento creativo\u201d, <strong>declar\u00f3 Elva Moreno Garcia, representante de Erasmus+.<\/strong><\/p>\n\n\n\n<p>Erasmus+ ofrece a los j\u00f3venes oportunidades reales de empleo e integraci\u00f3n profesional en empresas internacionales. A trav\u00e9s de estas pr\u00e1cticas, los participantes tienen la posibilidad de experimentar un entorno laboral competitivo, adquirir experiencia en un contexto multicultural y comprender mejor el funcionamiento de los mercados europeos. Adem\u00e1s, esta exposici\u00f3n les ayuda a desarrollar competencias esenciales para el mercado laboral, como la adaptabilidad, el trabajo en equipo y la comunicaci\u00f3n intercultural.<\/p>\n\n\n\n<p><strong><br><\/strong>La primera pr\u00e1ctica dentro de este programa en la que particip\u00f3 Confident Agency trajo al equipo de Confident a Esmeralda Ord\u00f3\u00f1ez Arancibia, estudiante de Relaciones Internacionales en el Instituto Zurbar\u00e1n de Espa\u00f1a. Como parte de su experiencia en la oficina de Ruman\u00eda, Esmeralda llev\u00f3 a cabo un proyecto de investigaci\u00f3n aplicada sobre las oportunidades de exportaci\u00f3n de productos gourmet de Extremadura en el mercado rumano.<\/p>\n\n\n<div class=\"wp-block-image\">\n<figure class=\"alignleft size-large is-resized\"><img loading=\"lazy\" decoding=\"async\" width=\"683\" height=\"1024\" src=\"https:\/\/www.asemer.ro\/wp-content\/uploads\/2025\/06\/Imagen-de-WhatsApp-2025-06-03-a-las-17.47.30_52ff7830-683x1024.jpg\" alt=\"\" class=\"wp-image-12919\" style=\"width:338px;height:auto\" srcset=\"https:\/\/www.asemer.ro\/wp-content\/uploads\/2025\/06\/Imagen-de-WhatsApp-2025-06-03-a-las-17.47.30_52ff7830-683x1024.jpg 683w, https:\/\/www.asemer.ro\/wp-content\/uploads\/2025\/06\/Imagen-de-WhatsApp-2025-06-03-a-las-17.47.30_52ff7830-200x300.jpg 200w, https:\/\/www.asemer.ro\/wp-content\/uploads\/2025\/06\/Imagen-de-WhatsApp-2025-06-03-a-las-17.47.30_52ff7830-768x1152.jpg 768w, https:\/\/www.asemer.ro\/wp-content\/uploads\/2025\/06\/Imagen-de-WhatsApp-2025-06-03-a-las-17.47.30_52ff7830-1024x1536.jpg 1024w, https:\/\/www.asemer.ro\/wp-content\/uploads\/2025\/06\/Imagen-de-WhatsApp-2025-06-03-a-las-17.47.30_52ff7830-720x1080.jpg 720w, https:\/\/www.asemer.ro\/wp-content\/uploads\/2025\/06\/Imagen-de-WhatsApp-2025-06-03-a-las-17.47.30_52ff7830.jpg 1067w\" sizes=\"auto, (max-width: 683px) 100vw, 683px\" \/><\/figure>\n<\/div>\n\n\n<p>\u201cEsta experiencia ha significado para m\u00ed mucho m\u00e1s que una simple pr\u00e1ctica. Ha sido una oportunidad para aplicar lo que he aprendido en un contexto real, en un mercado completamente nuevo. Tuve la libertad y el apoyo para desarrollar un proyecto relevante no solo desde el punto de vista acad\u00e9mico, sino tambi\u00e9n con potencial comercial. Estoy agradecida al equipo de Confident por su apertura y la confianza que me brindaron. Ruman\u00eda me ha sorprendido por el dinamismo de su mercado y la receptividad hacia los productos aut\u00e9nticos \u2014y, qui\u00e9n sabe, tal vez este sea solo el comienzo de un camino profesional m\u00e1s largo en esta parte de Europa\u201d, <strong>declar\u00f3 Esmeralda Ord\u00f3\u00f1ez Arancibia, estudiante Erasmus+.<\/strong><\/p>\n\n\n\n<p>El proyecto de investigaci\u00f3n realizado por Esmeralda se centr\u00f3 en el an\u00e1lisis de la viabilidad de introducir en el mercado rumano productos gourmet de la regi\u00f3n espa\u00f1ola de Extremadura, todos con Denominaci\u00f3n de Origen Protegida (D.O.P.). El estudio incluy\u00f3 la aplicaci\u00f3n de encuestas entre consumidores rumanos y espa\u00f1oles en Bucarest, entrevistas con actores del sector HoReCa, retail y distribuci\u00f3n, as\u00ed como un an\u00e1lisis DAFO detallado. Los resultados muestran un claro inter\u00e9s por los productos aut\u00e9nticos, especialmente aquellos que comunican valores como tradici\u00f3n, calidad y sostenibilidad. El Jam\u00f3n Ib\u00e9rico de Bellota, la Torta del Casar o el Piment\u00f3n de la Vera son percibidos como productos premium, con potencial para atraer al segmento de consumidores urbanos, educados y abiertos a nuevas experiencias culinarias.<\/p>\n\n\n\n<p>La implicaci\u00f3n de Confident en este programa forma parte de la estrategia de la empresa para construir puentes reales entre la educaci\u00f3n y el mercado laboral, as\u00ed como entre los entornos empresariales de Ruman\u00eda y Espa\u00f1a. La participaci\u00f3n activa en Erasmus+ no es simplemente un gesto institucional, sino parte de la filosof\u00eda de Confident: formar, inspirar y apoyar a las futuras generaciones de profesionales de la comunicaci\u00f3n.<br>Confident Agency continuar\u00e1 apoyando iniciativas internacionales que valoricen el potencial creativo y emprendedor de los j\u00f3venes, transformando las pr\u00e1cticas profesionales en experiencias relevantes tanto para el futuro profesional de los participantes como para los mercados en los que opera la agencia.<\/p>\n\n\n\n<p><strong>THE CONFIDENT GROUP<\/strong><br>Presente en Bucarest y Barcelona, The Confident Group es un cl\u00faster de comunicaci\u00f3n de marketing formado por empresas con experiencia en Ruman\u00eda y Espa\u00f1a: Confident Agency &#8211; Marketing Communications y VENUS FIVE &#8211; Servicios de producci\u00f3n visual &#8211; foto, video, podcast.<\/p>\n\n\n\n<p><br>The Confident Group ofrece consultor\u00eda en comunicaci\u00f3n y producci\u00f3n de video para industrias clave: tecnolog\u00eda e innovaci\u00f3n, bienes ra\u00edces, comercio electr\u00f3nico, retail y FMCG, automotriz y movilidad, pharma y medcomms.<br>Confident Agency ha ganado varios premios por campa\u00f1as de Tech PR y Brand PR en la competencia PR Award, y en 2020 la agencia recibi\u00f3 la distinci\u00f3n Consultancy of the Year. En 2024, Confident recibi\u00f3 el trofeo a la Comunicaci\u00f3n de la Innovaci\u00f3n en los Smart City Industry Awards.<\/p>\n\n\n\n<p><br>El portafolio de Confident incluye marcas como AVIS, Bucure\u0219ti Mall Vitan &amp; Plaza Rom\u00e2nia, CBRE, Roche Diagnostics, Mitsubishi, Mobexpert, Regus, VTEX, XIAOMI, UP Rom\u00e2nia, Roborock, PayU, Vantage Towers.<\/p>\n\n\n\n<p><\/p>\n\n\n\n<p>M\u00e1s informaci\u00f3n:<\/p>\n\n\n\n<figure class=\"wp-block-table\"><table><tbody><tr><td><strong>Mara Gojgar<\/strong><br><strong>Founder, The Confident Group<\/strong><\/td><td><img loading=\"lazy\" decoding=\"async\" width=\"24\" height=\"24\" src=\"https:\/\/cdn.gifo.wisestamp.com\/s\/ld\/FF0000\/48\/4\/border.png\" alt=\"linkedin\"><a href=\"https:\/\/www.linkedin.com\/company\/weareconfident\" target=\"_blank\" rel=\"noreferrer noopener\"><\/a> <img loading=\"lazy\" decoding=\"async\" width=\"24\" height=\"24\" src=\"https:\/\/cdn.gifo.wisestamp.com\/s\/fb\/FF0000\/48\/4\/border.png\" alt=\"facebook\"><a href=\"https:\/\/www.facebook.com\/weareconfident.agency\" target=\"_blank\" rel=\"noreferrer noopener\"><\/a> <img loading=\"lazy\" decoding=\"async\" width=\"24\" height=\"24\" src=\"https:\/\/cdn.gifo.wisestamp.com\/s\/inst\/FF0000\/48\/4\/border.png\" alt=\"instagram\"><a href=\"https:\/\/www.instagram.com\/weareconfident.agency\/\" target=\"_blank\" rel=\"noreferrer noopener\"><\/a> <img loading=\"lazy\" decoding=\"async\" width=\"24\" height=\"24\" src=\"https:\/\/cdn.gifo.wisestamp.com\/s\/tt\/FF0000\/48\/4\/border.png\" alt=\"tiktok\"><a href=\"https:\/\/www.tiktok.com\/@weareconfident.agency\" target=\"_blank\" rel=\"noreferrer noopener\"><\/a><\/td><\/tr><tr><td colspan=\"2\"><img loading=\"lazy\" decoding=\"async\" width=\"13\" height=\"13\" src=\"https:\/\/cdn.gifo.wisestamp.com\/s\/rfp3\/FF0000\/26\/trans.png\" alt=\"icon\">&nbsp;<a href=\"tel:+40743145588\" target=\"_blank\" rel=\"noreferrer noopener\"> +40743145588<\/a> &nbsp; <img loading=\"lazy\" decoding=\"async\" width=\"13\" height=\"13\" src=\"https:\/\/cdn.gifo.wisestamp.com\/s\/rfw1\/FF0000\/26\/trans.png\" alt=\"icon\">&nbsp;<a href=\"https:\/\/www.confident.agency\" target=\"_blank\" rel=\"noreferrer noopener\"> www.confident.agency<\/a> <img loading=\"lazy\" decoding=\"async\" width=\"13\" height=\"13\" src=\"https:\/\/cdn.gifo.wisestamp.com\/s\/rfem1\/FF0000\/26\/trans.png\" alt=\"icon\">&nbsp;<a href=\"mailto:mara@confident.agency\" target=\"_blank\" rel=\"noreferrer noopener\"> mara@confident.agency<\/a> <img loading=\"lazy\" decoding=\"async\" width=\"13\" height=\"13\" src=\"https:\/\/cdn.gifo.wisestamp.com\/s\/arrow-right-c\/FF0000\/26\/trans.png\" alt=\"icon\">&nbsp; Barcelona, C\/ d&#8217;Estruc, 9, Ciutat Vella, 08002 <img loading=\"lazy\" decoding=\"async\" width=\"13\" height=\"13\" src=\"https:\/\/cdn.gifo.wisestamp.com\/s\/arrow-right-c\/FF0000\/26\/trans.png\" alt=\"icon\">&nbsp; Bucharest, Calea Victoriei 21-23, 6th floor, room 67-69<\/td><\/tr><\/tbody><\/table><\/figure>\n\n\n\n<p><strong>Inf\u00f3rmate como publicar en esta secci\u00f3n, en office@asemer.ro<\/strong><\/p>\n","protected":false},"excerpt":{"rendered":"<p>erasmus+ Confident da un paso estrat\u00e9gico hacia la formaci\u00f3n de la nueva generaci\u00f3n de profesionales internacionales en comunicaci\u00f3n, a trav\u00e9s [&hellip;]<\/p>\n","protected":false},"author":2,"featured_media":0,"parent":11705,"menu_order":460,"comment_status":"closed","ping_status":"closed","template":"page-templates\/template_fullwidth.php","meta":{"footnotes":""},"class_list":["post-10728","page","type-page","status-publish","hentry"],"yoast_head":"<!-- This site is optimized with the Yoast SEO plugin v27.5 - https:\/\/yoast.com\/product\/yoast-seo-wordpress\/ -->\n<title>Noticias de los miembros - ASEMER<\/title>\n<meta name=\"robots\" content=\"index, follow, max-snippet:-1, max-image-preview:large, max-video-preview:-1\" \/>\n<link rel=\"canonical\" href=\"https:\/\/www.asemer.ro\/index.php\/colaboramos-con\/noticias\/\" \/>\n<meta property=\"og:locale\" content=\"es_ES\" \/>\n<meta property=\"og:type\" content=\"article\" \/>\n<meta property=\"og:title\" content=\"Noticias de los miembros - ASEMER\" \/>\n<meta property=\"og:description\" content=\"erasmus+ Confident da un paso estrat\u00e9gico hacia la formaci\u00f3n de la nueva generaci\u00f3n de profesionales internacionales en comunicaci\u00f3n, a trav\u00e9s [&hellip;]\" \/>\n<meta property=\"og:url\" content=\"https:\/\/www.asemer.ro\/index.php\/colaboramos-con\/noticias\/\" \/>\n<meta property=\"og:site_name\" content=\"ASEMER\" \/>\n<meta property=\"article:publisher\" content=\"https:\/\/www.facebook.com\/asociacionasemer\" \/>\n<meta property=\"article:modified_time\" content=\"2025-06-03T15:00:50+00:00\" \/>\n<meta property=\"og:image\" content=\"https:\/\/www.asemer.ro\/wp-content\/uploads\/2025\/06\/Imagen-de-WhatsApp-2025-06-03-a-las-17.47.02_0e796bc0-1.jpg\" \/>\n\t<meta property=\"og:image:width\" content=\"1600\" \/>\n\t<meta property=\"og:image:height\" content=\"1066\" \/>\n\t<meta property=\"og:image:type\" content=\"image\/jpeg\" \/>\n<meta name=\"twitter:card\" content=\"summary_large_image\" \/>\n<meta name=\"twitter:site\" content=\"@asemer_rumania\" \/>\n<meta name=\"twitter:label1\" content=\"Tiempo de lectura\" \/>\n\t<meta name=\"twitter:data1\" content=\"8 minutos\" \/>\n<script type=\"application\/ld+json\" class=\"yoast-schema-graph\">{\"@context\":\"https:\\\/\\\/schema.org\",\"@graph\":[{\"@type\":\"WebPage\",\"@id\":\"https:\\\/\\\/www.asemer.ro\\\/index.php\\\/colaboramos-con\\\/noticias\\\/\",\"url\":\"https:\\\/\\\/www.asemer.ro\\\/index.php\\\/colaboramos-con\\\/noticias\\\/\",\"name\":\"Noticias de los miembros - ASEMER\",\"isPartOf\":{\"@id\":\"https:\\\/\\\/www.asemer.ro\\\/#website\"},\"primaryImageOfPage\":{\"@id\":\"https:\\\/\\\/www.asemer.ro\\\/index.php\\\/colaboramos-con\\\/noticias\\\/#primaryimage\"},\"image\":{\"@id\":\"https:\\\/\\\/www.asemer.ro\\\/index.php\\\/colaboramos-con\\\/noticias\\\/#primaryimage\"},\"thumbnailUrl\":\"https:\\\/\\\/www.asemer.ro\\\/wp-content\\\/uploads\\\/2025\\\/06\\\/Imagen-de-WhatsApp-2025-06-03-a-las-17.47.02_0e796bc0-1-1024x682.jpg\",\"datePublished\":\"2024-06-19T16:36:49+00:00\",\"dateModified\":\"2025-06-03T15:00:50+00:00\",\"breadcrumb\":{\"@id\":\"https:\\\/\\\/www.asemer.ro\\\/index.php\\\/colaboramos-con\\\/noticias\\\/#breadcrumb\"},\"inLanguage\":\"es\",\"potentialAction\":[{\"@type\":\"ReadAction\",\"target\":[\"https:\\\/\\\/www.asemer.ro\\\/index.php\\\/colaboramos-con\\\/noticias\\\/\"]}]},{\"@type\":\"ImageObject\",\"inLanguage\":\"es\",\"@id\":\"https:\\\/\\\/www.asemer.ro\\\/index.php\\\/colaboramos-con\\\/noticias\\\/#primaryimage\",\"url\":\"https:\\\/\\\/www.asemer.ro\\\/wp-content\\\/uploads\\\/2025\\\/06\\\/Imagen-de-WhatsApp-2025-06-03-a-las-17.47.02_0e796bc0-1.jpg\",\"contentUrl\":\"https:\\\/\\\/www.asemer.ro\\\/wp-content\\\/uploads\\\/2025\\\/06\\\/Imagen-de-WhatsApp-2025-06-03-a-las-17.47.02_0e796bc0-1.jpg\",\"width\":1600,\"height\":1066},{\"@type\":\"BreadcrumbList\",\"@id\":\"https:\\\/\\\/www.asemer.ro\\\/index.php\\\/colaboramos-con\\\/noticias\\\/#breadcrumb\",\"itemListElement\":[{\"@type\":\"ListItem\",\"position\":1,\"name\":\"Home\",\"item\":\"https:\\\/\\\/www.asemer.ro\\\/\"},{\"@type\":\"ListItem\",\"position\":2,\"name\":\"Colaboramos con\",\"item\":\"https:\\\/\\\/www.asemer.ro\\\/index.php\\\/colaboramos-con\\\/\"},{\"@type\":\"ListItem\",\"position\":3,\"name\":\"Noticias de los miembros\"}]},{\"@type\":\"WebSite\",\"@id\":\"https:\\\/\\\/www.asemer.ro\\\/#website\",\"url\":\"https:\\\/\\\/www.asemer.ro\\\/\",\"name\":\"ASEMER\",\"description\":\"Asociaci\u00f3n de Empresas Espa\u00f1olas en Ruman\u00eda\",\"publisher\":{\"@id\":\"https:\\\/\\\/www.asemer.ro\\\/#organization\"},\"potentialAction\":[{\"@type\":\"SearchAction\",\"target\":{\"@type\":\"EntryPoint\",\"urlTemplate\":\"https:\\\/\\\/www.asemer.ro\\\/?s={search_term_string}\"},\"query-input\":{\"@type\":\"PropertyValueSpecification\",\"valueRequired\":true,\"valueName\":\"search_term_string\"}}],\"inLanguage\":\"es\"},{\"@type\":\"Organization\",\"@id\":\"https:\\\/\\\/www.asemer.ro\\\/#organization\",\"name\":\"ASEMER\",\"url\":\"https:\\\/\\\/www.asemer.ro\\\/\",\"logo\":{\"@type\":\"ImageObject\",\"inLanguage\":\"es\",\"@id\":\"https:\\\/\\\/www.asemer.ro\\\/#\\\/schema\\\/logo\\\/image\\\/\",\"url\":\"https:\\\/\\\/www.asemer.ro\\\/wp-content\\\/uploads\\\/2020\\\/12\\\/logo-ASEMER-scaled.jpg\",\"contentUrl\":\"https:\\\/\\\/www.asemer.ro\\\/wp-content\\\/uploads\\\/2020\\\/12\\\/logo-ASEMER-scaled.jpg\",\"width\":2560,\"height\":849,\"caption\":\"ASEMER\"},\"image\":{\"@id\":\"https:\\\/\\\/www.asemer.ro\\\/#\\\/schema\\\/logo\\\/image\\\/\"},\"sameAs\":[\"https:\\\/\\\/www.facebook.com\\\/asociacionasemer\",\"https:\\\/\\\/x.com\\\/asemer_rumania\",\"https:\\\/\\\/ro.linkedin.com\\\/in\\\/asemer-asociaci\u00f3n-empresas-espa\u00f1olas-en-ruman\u00eda-724772a6?trk=author_mini-profile_title\",\"https:\\\/\\\/www.youtube.com\\\/channel\\\/UC73m8-BDsg857OL0Ogv5aQA\\\/videos\"]}]}<\/script>\n<!-- \/ Yoast SEO plugin. -->","yoast_head_json":{"title":"Noticias de los miembros - ASEMER","robots":{"index":"index","follow":"follow","max-snippet":"max-snippet:-1","max-image-preview":"max-image-preview:large","max-video-preview":"max-video-preview:-1"},"canonical":"https:\/\/www.asemer.ro\/index.php\/colaboramos-con\/noticias\/","og_locale":"es_ES","og_type":"article","og_title":"Noticias de los miembros - ASEMER","og_description":"erasmus+ Confident da un paso estrat\u00e9gico hacia la formaci\u00f3n de la nueva generaci\u00f3n de profesionales internacionales en comunicaci\u00f3n, a trav\u00e9s [&hellip;]","og_url":"https:\/\/www.asemer.ro\/index.php\/colaboramos-con\/noticias\/","og_site_name":"ASEMER","article_publisher":"https:\/\/www.facebook.com\/asociacionasemer","article_modified_time":"2025-06-03T15:00:50+00:00","og_image":[{"width":1600,"height":1066,"url":"https:\/\/www.asemer.ro\/wp-content\/uploads\/2025\/06\/Imagen-de-WhatsApp-2025-06-03-a-las-17.47.02_0e796bc0-1.jpg","type":"image\/jpeg"}],"twitter_card":"summary_large_image","twitter_site":"@asemer_rumania","twitter_misc":{"Tiempo de lectura":"8 minutos"},"schema":{"@context":"https:\/\/schema.org","@graph":[{"@type":"WebPage","@id":"https:\/\/www.asemer.ro\/index.php\/colaboramos-con\/noticias\/","url":"https:\/\/www.asemer.ro\/index.php\/colaboramos-con\/noticias\/","name":"Noticias de los miembros - ASEMER","isPartOf":{"@id":"https:\/\/www.asemer.ro\/#website"},"primaryImageOfPage":{"@id":"https:\/\/www.asemer.ro\/index.php\/colaboramos-con\/noticias\/#primaryimage"},"image":{"@id":"https:\/\/www.asemer.ro\/index.php\/colaboramos-con\/noticias\/#primaryimage"},"thumbnailUrl":"https:\/\/www.asemer.ro\/wp-content\/uploads\/2025\/06\/Imagen-de-WhatsApp-2025-06-03-a-las-17.47.02_0e796bc0-1-1024x682.jpg","datePublished":"2024-06-19T16:36:49+00:00","dateModified":"2025-06-03T15:00:50+00:00","breadcrumb":{"@id":"https:\/\/www.asemer.ro\/index.php\/colaboramos-con\/noticias\/#breadcrumb"},"inLanguage":"es","potentialAction":[{"@type":"ReadAction","target":["https:\/\/www.asemer.ro\/index.php\/colaboramos-con\/noticias\/"]}]},{"@type":"ImageObject","inLanguage":"es","@id":"https:\/\/www.asemer.ro\/index.php\/colaboramos-con\/noticias\/#primaryimage","url":"https:\/\/www.asemer.ro\/wp-content\/uploads\/2025\/06\/Imagen-de-WhatsApp-2025-06-03-a-las-17.47.02_0e796bc0-1.jpg","contentUrl":"https:\/\/www.asemer.ro\/wp-content\/uploads\/2025\/06\/Imagen-de-WhatsApp-2025-06-03-a-las-17.47.02_0e796bc0-1.jpg","width":1600,"height":1066},{"@type":"BreadcrumbList","@id":"https:\/\/www.asemer.ro\/index.php\/colaboramos-con\/noticias\/#breadcrumb","itemListElement":[{"@type":"ListItem","position":1,"name":"Home","item":"https:\/\/www.asemer.ro\/"},{"@type":"ListItem","position":2,"name":"Colaboramos con","item":"https:\/\/www.asemer.ro\/index.php\/colaboramos-con\/"},{"@type":"ListItem","position":3,"name":"Noticias de los miembros"}]},{"@type":"WebSite","@id":"https:\/\/www.asemer.ro\/#website","url":"https:\/\/www.asemer.ro\/","name":"ASEMER","description":"Asociaci\u00f3n de Empresas Espa\u00f1olas en Ruman\u00eda","publisher":{"@id":"https:\/\/www.asemer.ro\/#organization"},"potentialAction":[{"@type":"SearchAction","target":{"@type":"EntryPoint","urlTemplate":"https:\/\/www.asemer.ro\/?s={search_term_string}"},"query-input":{"@type":"PropertyValueSpecification","valueRequired":true,"valueName":"search_term_string"}}],"inLanguage":"es"},{"@type":"Organization","@id":"https:\/\/www.asemer.ro\/#organization","name":"ASEMER","url":"https:\/\/www.asemer.ro\/","logo":{"@type":"ImageObject","inLanguage":"es","@id":"https:\/\/www.asemer.ro\/#\/schema\/logo\/image\/","url":"https:\/\/www.asemer.ro\/wp-content\/uploads\/2020\/12\/logo-ASEMER-scaled.jpg","contentUrl":"https:\/\/www.asemer.ro\/wp-content\/uploads\/2020\/12\/logo-ASEMER-scaled.jpg","width":2560,"height":849,"caption":"ASEMER"},"image":{"@id":"https:\/\/www.asemer.ro\/#\/schema\/logo\/image\/"},"sameAs":["https:\/\/www.facebook.com\/asociacionasemer","https:\/\/x.com\/asemer_rumania","https:\/\/ro.linkedin.com\/in\/asemer-asociaci\u00f3n-empresas-espa\u00f1olas-en-ruman\u00eda-724772a6?trk=author_mini-profile_title","https:\/\/www.youtube.com\/channel\/UC73m8-BDsg857OL0Ogv5aQA\/videos"]}]}},"_links":{"self":[{"href":"https:\/\/www.asemer.ro\/index.php\/wp-json\/wp\/v2\/pages\/10728","targetHints":{"allow":["GET"]}}],"collection":[{"href":"https:\/\/www.asemer.ro\/index.php\/wp-json\/wp\/v2\/pages"}],"about":[{"href":"https:\/\/www.asemer.ro\/index.php\/wp-json\/wp\/v2\/types\/page"}],"author":[{"embeddable":true,"href":"https:\/\/www.asemer.ro\/index.php\/wp-json\/wp\/v2\/users\/2"}],"replies":[{"embeddable":true,"href":"https:\/\/www.asemer.ro\/index.php\/wp-json\/wp\/v2\/comments?post=10728"}],"version-history":[{"count":5,"href":"https:\/\/www.asemer.ro\/index.php\/wp-json\/wp\/v2\/pages\/10728\/revisions"}],"predecessor-version":[{"id":12920,"href":"https:\/\/www.asemer.ro\/index.php\/wp-json\/wp\/v2\/pages\/10728\/revisions\/12920"}],"up":[{"embeddable":true,"href":"https:\/\/www.asemer.ro\/index.php\/wp-json\/wp\/v2\/pages\/11705"}],"wp:attachment":[{"href":"https:\/\/www.asemer.ro\/index.php\/wp-json\/wp\/v2\/media?parent=10728"}],"curies":[{"name":"wp","href":"https:\/\/api.w.org\/{rel}","templated":true}]}}