{"id":2057,"date":"2015-12-03T23:03:12","date_gmt":"2015-12-03T21:03:12","guid":{"rendered":"http:\/\/asemer.ro\/v2\/?page_id=2057"},"modified":"2026-03-09T14:04:45","modified_gmt":"2026-03-09T12:04:45","slug":"saludo-de-la-directiva-asemer","status":"publish","type":"page","link":"https:\/\/www.asemer.ro\/index.php\/que-es-asemer\/saludo-de-la-directiva-asemer\/","title":{"rendered":"Saludo de la Directiva"},"content":{"rendered":"<p><!--vcv no format--><\/p>\n<div class=\"vce-row-container\" data-vce-boxed-width=\"true\">\n<div id=\"el-88acbc05\" class=\"vce-row vce-row--col-gap-30 vce-row-equal-height vce-row-columns--top vce-row-content--top\" data-vce-do-apply=\"all el-88acbc05\">\n<div class=\"vce-row-content\" data-vce-element-content=\"true\">\n<div id=\"el-86cf86c1\" class=\"vce-col vce-col--md-auto vce-col--xs-1 vce-col--xs-last vce-col--xs-first vce-col--sm-last vce-col--sm-first vce-col--md-last vce-col--lg-last vce-col--xl-last vce-col--md-first vce-col--lg-first vce-col--xl-first\">\n<div class=\"vce-col-inner\" data-vce-do-apply=\"border margin background  el-86cf86c1\">\n<div class=\"vce-col-content\" data-vce-element-content=\"true\" data-vce-do-apply=\"padding el-86cf86c1\">\n<div class=\"vce-text-block\">\n<div id=\"el-2af5f34a\" class=\"vce-text-block-wrapper vce\" data-vce-do-apply=\"all el-2af5f34a\">\n<p><span style=\"font-weight: 400; color: #000000;\">Queridos amigos, asociados ASEMER:<\/span><\/p>\n<p><span style=\"font-weight: 400; color: #000000;\">Este a\u00f1o Rumania cumple 36 a\u00f1os desde el cambio del r\u00e9gimen pol\u00edtico y del modelo econ\u00f3mico. En nuestra presentaci\u00f3n de los objetivos de gobierno, mencionamos que es un pa\u00eds joven y aunque en algunos aspectos pueda dar la impresi\u00f3n de que nada ha cambiado los que llevamos aqu\u00ed ya algunos a\u00f1os somos conscientes del cambio que ha sufrido la sociedad.\u00a0<\/span><\/p>\n<p><span style=\"font-weight: 400; color: #000000;\">Desconocemos c\u00f3mo ha sido vuestra experiencia. Ojal\u00e1 haya sido buena, productiva\u00a0 e incluso de \u00e9xito. No obstante, tambi\u00e9n sabemos las dificultades que el d\u00eda a d\u00eda nos regala en este pa\u00eds: costes, proveedores, clientes, empleados, administraci\u00f3n, etc.<\/span><\/p>\n<p><span style=\"font-weight: 400; color: #000000;\">Evidentemente nosotros no tenemos una receta para resolver todos los problemas, pero tampoco podemos decir que todos los problemas se deban a fallos del sistema. Muchos aspectos clave de nuestros negocios dependen de nuestra capacidad de adaptaci\u00f3n a las circunstancias concretas del pa\u00eds, de c\u00f3mo cumple nuestra oferta con las expectativas de la demanda o si en las mismas condiciones podr\u00edamos hacer m\u00e1s.\u00a0La experiencia acumulada estos \u00faltimos a\u00f1os constituye una buena reflexi\u00f3n en este sentido.\u00a0<\/span><\/p>\n<p><span style=\"font-weight: 400; color: #000000;\">Consideramos que existe un potencial subexplotado y que nuestra representaci\u00f3n en Rumania es a\u00fan d\u00e9bil, m\u00e1s a\u00fan teniendo en cuenta que en Espa\u00f1a hay 1,5 millones de rumanos. Pero es todav\u00eda m\u00e1s dif\u00edcil de entender la falta de cohesi\u00f3n de nuestra comunidad empresarial. Este deber\u00eda ser el primer obst\u00e1culo a superar. Es esencial para nuestro \u00e9xito impulsar nuestros valores empresariales, reafirmar nuestra capacidad, nuestra voluntad de triunfar y nuestras ganas de desarrollarnos. Cada cual en su sector; pero \u00edntimamente relacionados. No debemos dejar perecer nuestro \u00absaber hacer\u00bb, debemos luchar. Somos buenos.\u00a0<\/span><\/p>\n<p><span style=\"font-weight: 400; color: #000000;\">ASEMER pondr\u00e1 en marcha en esta nueva etapa los proyectos recogidos en los objetivos de gobierno. Ser\u00e9is siempre bienvenidos ya sea para conocer m\u00e1s detalles de nuestra actividad, para realizar sugerencias o transmitirnos vuestras ideas. Nuestro equipo estar\u00e1 siempre a vuestra disposici\u00f3n.\u00a0La uni\u00f3n hace la fuerza.\u00a0<\/span><\/p>\n<p><span style=\"font-weight: 400; color: #000000;\">Con todo nuestro afecto y consideraci\u00f3n.<\/span><\/p>\n<p><span style=\"color: #000000;\"><b>Emilio Luque Ascanio<\/b><\/span><\/p>\n<p><span style=\"color: #000000;\">Presidente<\/span><\/p>\n<\/div>\n<\/div>\n<\/div>\n<\/div>\n<\/div>\n<\/div>\n<\/div>\n<\/div>\n<p><!--vcv no format--><\/p>\n","protected":false},"excerpt":{"rendered":"<p>Queridos amigos, asociados ASEMER: Este a\u00f1o Rumania cumple 36 a\u00f1os desde el cambio del r\u00e9gimen pol\u00edtico y del modelo econ\u00f3mico. [&hellip;]<\/p>\n","protected":false},"author":3,"featured_media":0,"parent":5910,"menu_order":110,"comment_status":"closed","ping_status":"closed","template":"page-templates\/template_fullwidth.php","meta":{"footnotes":""},"class_list":["post-2057","page","type-page","status-publish","hentry"],"yoast_head":"<!-- This site is optimized with the Yoast SEO plugin v27.5 - https:\/\/yoast.com\/product\/yoast-seo-wordpress\/ -->\n<title>Saludo de la Directiva - ASEMER<\/title>\n<meta name=\"robots\" content=\"index, follow, max-snippet:-1, max-image-preview:large, max-video-preview:-1\" \/>\n<link rel=\"canonical\" href=\"https:\/\/www.asemer.ro\/index.php\/que-es-asemer\/saludo-de-la-directiva-asemer\/\" \/>\n<meta property=\"og:locale\" content=\"es_ES\" \/>\n<meta property=\"og:type\" content=\"article\" \/>\n<meta property=\"og:title\" content=\"Saludo de la Directiva - ASEMER\" \/>\n<meta property=\"og:description\" content=\"Queridos amigos, asociados ASEMER: Este a\u00f1o Rumania cumple 36 a\u00f1os desde el cambio del r\u00e9gimen pol\u00edtico y del modelo econ\u00f3mico. [&hellip;]\" \/>\n<meta property=\"og:url\" content=\"https:\/\/www.asemer.ro\/index.php\/que-es-asemer\/saludo-de-la-directiva-asemer\/\" \/>\n<meta property=\"og:site_name\" content=\"ASEMER\" \/>\n<meta property=\"article:publisher\" content=\"https:\/\/www.facebook.com\/asociacionasemer\" \/>\n<meta property=\"article:modified_time\" content=\"2026-03-09T12:04:45+00:00\" \/>\n<meta name=\"twitter:card\" content=\"summary_large_image\" \/>\n<meta name=\"twitter:site\" content=\"@asemer_rumania\" \/>\n<meta name=\"twitter:label1\" content=\"Tiempo de lectura\" \/>\n\t<meta name=\"twitter:data1\" content=\"2 minutos\" \/>\n<script type=\"application\/ld+json\" class=\"yoast-schema-graph\">{\"@context\":\"https:\\\/\\\/schema.org\",\"@graph\":[{\"@type\":\"WebPage\",\"@id\":\"https:\\\/\\\/www.asemer.ro\\\/index.php\\\/que-es-asemer\\\/saludo-de-la-directiva-asemer\\\/\",\"url\":\"https:\\\/\\\/www.asemer.ro\\\/index.php\\\/que-es-asemer\\\/saludo-de-la-directiva-asemer\\\/\",\"name\":\"Saludo de la Directiva - ASEMER\",\"isPartOf\":{\"@id\":\"https:\\\/\\\/www.asemer.ro\\\/#website\"},\"datePublished\":\"2015-12-03T21:03:12+00:00\",\"dateModified\":\"2026-03-09T12:04:45+00:00\",\"breadcrumb\":{\"@id\":\"https:\\\/\\\/www.asemer.ro\\\/index.php\\\/que-es-asemer\\\/saludo-de-la-directiva-asemer\\\/#breadcrumb\"},\"inLanguage\":\"es\",\"potentialAction\":[{\"@type\":\"ReadAction\",\"target\":[\"https:\\\/\\\/www.asemer.ro\\\/index.php\\\/que-es-asemer\\\/saludo-de-la-directiva-asemer\\\/\"]}]},{\"@type\":\"BreadcrumbList\",\"@id\":\"https:\\\/\\\/www.asemer.ro\\\/index.php\\\/que-es-asemer\\\/saludo-de-la-directiva-asemer\\\/#breadcrumb\",\"itemListElement\":[{\"@type\":\"ListItem\",\"position\":1,\"name\":\"Home\",\"item\":\"https:\\\/\\\/www.asemer.ro\\\/\"},{\"@type\":\"ListItem\",\"position\":2,\"name\":\"Que es ASEMER\",\"item\":\"https:\\\/\\\/www.asemer.ro\\\/index.php\\\/que-es-asemer\\\/\"},{\"@type\":\"ListItem\",\"position\":3,\"name\":\"Saludo de la Directiva\"}]},{\"@type\":\"WebSite\",\"@id\":\"https:\\\/\\\/www.asemer.ro\\\/#website\",\"url\":\"https:\\\/\\\/www.asemer.ro\\\/\",\"name\":\"ASEMER\",\"description\":\"Asociaci\u00f3n de Empresas Espa\u00f1olas en Ruman\u00eda\",\"publisher\":{\"@id\":\"https:\\\/\\\/www.asemer.ro\\\/#organization\"},\"potentialAction\":[{\"@type\":\"SearchAction\",\"target\":{\"@type\":\"EntryPoint\",\"urlTemplate\":\"https:\\\/\\\/www.asemer.ro\\\/?s={search_term_string}\"},\"query-input\":{\"@type\":\"PropertyValueSpecification\",\"valueRequired\":true,\"valueName\":\"search_term_string\"}}],\"inLanguage\":\"es\"},{\"@type\":\"Organization\",\"@id\":\"https:\\\/\\\/www.asemer.ro\\\/#organization\",\"name\":\"ASEMER\",\"url\":\"https:\\\/\\\/www.asemer.ro\\\/\",\"logo\":{\"@type\":\"ImageObject\",\"inLanguage\":\"es\",\"@id\":\"https:\\\/\\\/www.asemer.ro\\\/#\\\/schema\\\/logo\\\/image\\\/\",\"url\":\"https:\\\/\\\/www.asemer.ro\\\/wp-content\\\/uploads\\\/2020\\\/12\\\/logo-ASEMER-scaled.jpg\",\"contentUrl\":\"https:\\\/\\\/www.asemer.ro\\\/wp-content\\\/uploads\\\/2020\\\/12\\\/logo-ASEMER-scaled.jpg\",\"width\":2560,\"height\":849,\"caption\":\"ASEMER\"},\"image\":{\"@id\":\"https:\\\/\\\/www.asemer.ro\\\/#\\\/schema\\\/logo\\\/image\\\/\"},\"sameAs\":[\"https:\\\/\\\/www.facebook.com\\\/asociacionasemer\",\"https:\\\/\\\/x.com\\\/asemer_rumania\",\"https:\\\/\\\/ro.linkedin.com\\\/in\\\/asemer-asociaci\u00f3n-empresas-espa\u00f1olas-en-ruman\u00eda-724772a6?trk=author_mini-profile_title\",\"https:\\\/\\\/www.youtube.com\\\/channel\\\/UC73m8-BDsg857OL0Ogv5aQA\\\/videos\"]}]}<\/script>\n<!-- \/ Yoast SEO plugin. -->","yoast_head_json":{"title":"Saludo de la Directiva - ASEMER","robots":{"index":"index","follow":"follow","max-snippet":"max-snippet:-1","max-image-preview":"max-image-preview:large","max-video-preview":"max-video-preview:-1"},"canonical":"https:\/\/www.asemer.ro\/index.php\/que-es-asemer\/saludo-de-la-directiva-asemer\/","og_locale":"es_ES","og_type":"article","og_title":"Saludo de la Directiva - ASEMER","og_description":"Queridos amigos, asociados ASEMER: Este a\u00f1o Rumania cumple 36 a\u00f1os desde el cambio del r\u00e9gimen pol\u00edtico y del modelo econ\u00f3mico. [&hellip;]","og_url":"https:\/\/www.asemer.ro\/index.php\/que-es-asemer\/saludo-de-la-directiva-asemer\/","og_site_name":"ASEMER","article_publisher":"https:\/\/www.facebook.com\/asociacionasemer","article_modified_time":"2026-03-09T12:04:45+00:00","twitter_card":"summary_large_image","twitter_site":"@asemer_rumania","twitter_misc":{"Tiempo de lectura":"2 minutos"},"schema":{"@context":"https:\/\/schema.org","@graph":[{"@type":"WebPage","@id":"https:\/\/www.asemer.ro\/index.php\/que-es-asemer\/saludo-de-la-directiva-asemer\/","url":"https:\/\/www.asemer.ro\/index.php\/que-es-asemer\/saludo-de-la-directiva-asemer\/","name":"Saludo de la Directiva - ASEMER","isPartOf":{"@id":"https:\/\/www.asemer.ro\/#website"},"datePublished":"2015-12-03T21:03:12+00:00","dateModified":"2026-03-09T12:04:45+00:00","breadcrumb":{"@id":"https:\/\/www.asemer.ro\/index.php\/que-es-asemer\/saludo-de-la-directiva-asemer\/#breadcrumb"},"inLanguage":"es","potentialAction":[{"@type":"ReadAction","target":["https:\/\/www.asemer.ro\/index.php\/que-es-asemer\/saludo-de-la-directiva-asemer\/"]}]},{"@type":"BreadcrumbList","@id":"https:\/\/www.asemer.ro\/index.php\/que-es-asemer\/saludo-de-la-directiva-asemer\/#breadcrumb","itemListElement":[{"@type":"ListItem","position":1,"name":"Home","item":"https:\/\/www.asemer.ro\/"},{"@type":"ListItem","position":2,"name":"Que es ASEMER","item":"https:\/\/www.asemer.ro\/index.php\/que-es-asemer\/"},{"@type":"ListItem","position":3,"name":"Saludo de la Directiva"}]},{"@type":"WebSite","@id":"https:\/\/www.asemer.ro\/#website","url":"https:\/\/www.asemer.ro\/","name":"ASEMER","description":"Asociaci\u00f3n de Empresas Espa\u00f1olas en Ruman\u00eda","publisher":{"@id":"https:\/\/www.asemer.ro\/#organization"},"potentialAction":[{"@type":"SearchAction","target":{"@type":"EntryPoint","urlTemplate":"https:\/\/www.asemer.ro\/?s={search_term_string}"},"query-input":{"@type":"PropertyValueSpecification","valueRequired":true,"valueName":"search_term_string"}}],"inLanguage":"es"},{"@type":"Organization","@id":"https:\/\/www.asemer.ro\/#organization","name":"ASEMER","url":"https:\/\/www.asemer.ro\/","logo":{"@type":"ImageObject","inLanguage":"es","@id":"https:\/\/www.asemer.ro\/#\/schema\/logo\/image\/","url":"https:\/\/www.asemer.ro\/wp-content\/uploads\/2020\/12\/logo-ASEMER-scaled.jpg","contentUrl":"https:\/\/www.asemer.ro\/wp-content\/uploads\/2020\/12\/logo-ASEMER-scaled.jpg","width":2560,"height":849,"caption":"ASEMER"},"image":{"@id":"https:\/\/www.asemer.ro\/#\/schema\/logo\/image\/"},"sameAs":["https:\/\/www.facebook.com\/asociacionasemer","https:\/\/x.com\/asemer_rumania","https:\/\/ro.linkedin.com\/in\/asemer-asociaci\u00f3n-empresas-espa\u00f1olas-en-ruman\u00eda-724772a6?trk=author_mini-profile_title","https:\/\/www.youtube.com\/channel\/UC73m8-BDsg857OL0Ogv5aQA\/videos"]}]}},"_links":{"self":[{"href":"https:\/\/www.asemer.ro\/index.php\/wp-json\/wp\/v2\/pages\/2057","targetHints":{"allow":["GET"]}}],"collection":[{"href":"https:\/\/www.asemer.ro\/index.php\/wp-json\/wp\/v2\/pages"}],"about":[{"href":"https:\/\/www.asemer.ro\/index.php\/wp-json\/wp\/v2\/types\/page"}],"author":[{"embeddable":true,"href":"https:\/\/www.asemer.ro\/index.php\/wp-json\/wp\/v2\/users\/3"}],"replies":[{"embeddable":true,"href":"https:\/\/www.asemer.ro\/index.php\/wp-json\/wp\/v2\/comments?post=2057"}],"version-history":[{"count":4,"href":"https:\/\/www.asemer.ro\/index.php\/wp-json\/wp\/v2\/pages\/2057\/revisions"}],"predecessor-version":[{"id":13093,"href":"https:\/\/www.asemer.ro\/index.php\/wp-json\/wp\/v2\/pages\/2057\/revisions\/13093"}],"up":[{"embeddable":true,"href":"https:\/\/www.asemer.ro\/index.php\/wp-json\/wp\/v2\/pages\/5910"}],"wp:attachment":[{"href":"https:\/\/www.asemer.ro\/index.php\/wp-json\/wp\/v2\/media?parent=2057"}],"curies":[{"name":"wp","href":"https:\/\/api.w.org\/{rel}","templated":true}]}}