{"id":2323,"date":"2016-01-09T21:55:15","date_gmt":"2016-01-09T19:55:15","guid":{"rendered":"http:\/\/asemer.ro\/v2\/?page_id=2323&#038;lang=ro"},"modified":"2021-04-13T09:29:21","modified_gmt":"2021-04-13T07:29:21","slug":"presedintele","status":"publish","type":"page","link":"https:\/\/www.asemer.ro\/index.php\/presedintele\/","title":{"rendered":"Pre\u0219edintele"},"content":{"rendered":"<p>[vc_row overlay=\u00bbnone\u00bb fullwidth=\u00bbno\u00bb][vc_column width=\u00bb2\/3&#8243; wap_class=\u00bb\u00bb wap_id=\u00bb\u00bb][vc_column_text]<strong>Consiliul Director al ASEMER va fi compus din:<\/strong><\/p>\n<p>Un Pre\u0219edinte<\/p>\n<p>Membri &#8211; maximum 9 \u0219i minimum 6. Printre ace\u0219tia se vor desemna urm\u0103toarele func\u021bii:<\/p>\n<ul>\n<li>Un Prim Vicepre\u0219edinte;<\/li>\n<li>Un Vicepre\u0219edinte Secund;<\/li>\n<li>Un Trezorier.<\/li>\n<\/ul>\n<p>&nbsp;<\/p>\n<h4 style=\"text-align: justify;\"><span style=\"color: #000000;\"><strong>Pre\u0219edintele Consiliului Director, care este \u0219i Pre\u0219edintele ASEMER, va fi ales de Adunarea General\u0103, \u0219i va fi reprezentantul legal al Asocia\u021biei.<\/strong><\/span><\/h4>\n<p style=\"text-align: justify;\"><span style=\"color: #000000;\">Pre\u0219edintelui Consiliului Director al ASEMER \u00eei revin urm\u0103toarele atribu\u021bii \u0219i competen\u021be:<\/span><\/p>\n<ul>\n<li style=\"text-align: justify;\"><span style=\"color: #000000;\">Prezideaz\u0103 Adunarea General\u0103 \u0219i Consiliul Director.<\/span><\/li>\n<li style=\"text-align: justify;\"><span style=\"color: #000000;\">Convoac\u0103 \u00eentrunirile Adun\u0103rii Generale \u0219i pe cele ale Consiliului Director.<\/span><\/li>\n<li style=\"text-align: justify;\"><span style=\"color: #000000;\">Conduce discu\u021biile \u0219i stabile\u0219te ordinea \u00een cadrul \u00eentrunirilor.<\/span><\/li>\n<li style=\"text-align: justify;\"><span style=\"color: #000000;\">Urm\u0103re\u0219te punerea \u00een aplicare a hot\u0103r\u00e2rilor Consiliului Director.<\/span><\/li>\n<li style=\"text-align: justify;\"><span style=\"color: #000000;\">Reprezint\u0103 Asocia\u021bia \u00een orice tip de ac\u021biuni \u0219i contracte, \u0219i \u00een fa\u021ba autorit\u0103\u021bilor, persoanelor publice sau private de orice natur\u0103.<\/span><\/li>\n<li style=\"text-align: justify;\"><span style=\"color: #000000;\">Autorizeaz\u0103 pl\u0103\u021bile \u0219i opereaz\u0103 \u00eempreun\u0103 cu Trezorierul \u00een contul bancar al Asocia\u021biei.<\/span><\/li>\n<li style=\"text-align: justify;\"><span style=\"color: #000000;\">Adopt\u0103 toate m\u0103surile cu caracter urgent pe care le consider\u0103 necesare \u00een vederea conducerii optime a Asocia\u021biei, expun\u00e2ndu-le \u00een fa\u021ba Consiliului Director la prima \u00eentrunire care va avea loc pentru informarea cu privire la acestea \u0219i ratificarea lor;<\/span><\/li>\n<li style=\"text-align: justify;\"><span style=\"color: #000000;\">Realizeaz\u0103 toate ac\u021biunile care \u00eei revin potrivit func\u021biei \u0219i care \u00eei sunt \u00eencredin\u021bate de c\u0103tre organele Asocia\u021biei.<\/span><\/li>\n<li>\u00ce\u0219i deleag\u0103 temporar atribu\u021biile c\u0103tre Prim Vicepre\u0219edinte, sau, \u00een lipsa acestuia, c\u0103tre Vicepre\u0219edintele Secund, iar \u00een lipsa acestuia, c\u0103tre unul din Membrii Consiliului Director.<\/li>\n<li>Angajeaz\u0103 \u0219i demite personalul, cu aprobarea prealabil\u0103 a Consiliului Director \u0219i propune stabilirea sau contractarea de servicii sau consultan\u021b\u0103 tehnic\u0103.<\/li>\n<li>Exercit\u0103 atribu\u021bii de management \u0219i control imediat a oric\u0103rui serviciu tehnic sau administrativ care se va stabili.<\/li>\n<\/ul>\n<h3><strong>Vicepre\u0219edintele Consiliului Director<\/strong><\/h3>\n<ul>\n<li>Prim Vicepre\u0219edintele ASEMER va avea ca misiune principal\u0103 colaborarea cu \u0219i asistarea Pre\u0219edintelui, pe lang\u0103 \u00eenlocuirea acestuia \u00een caz de absen\u021ba sau boal\u0103, av\u00e2nd acelea\u0219i atribu\u021bii.<\/li>\n<li>Vicepre\u0219edintele Secund va trebui s\u0103 colaboreze \u0219i s\u0103-l asiste pe Pre\u0219edinte \u0219i pe Prim Vicepre\u0219edinte \u00een desfa\u0219urarea atribu\u021biilor acestora, asumandu-\u0219i diversele ac\u021biuni care \u00eei vor fi \u00eencredin\u021bate direct de ace\u0219tia, sau de organele ASEMER.<\/li>\n<\/ul>\n<h3><strong>Trezorierul Consiliului Director <\/strong><\/h3>\n<ul>\n<li>Trezorierul de\u021bine custodia \u0219i controlul asupra contului bancar \u0219i asupra celorlalte fonduri ale ASEMER; fiind responsabil de asemenea de contabilitate, precum \u0219i de elaborarea bugetului anual de venituri \u0219i cheltuieli, \u0219i de orice alt buget de natur\u0103 extraordinar\u0103.<\/li>\n<li>\u00cen plus fa\u021b\u0103 de cele semnalate anterior, Trezorierul va avea \u00een custodie \u0219i va fi responsabil pentru Registrul de Venituri si Cheltuieli \u0219i Registrul Inventar, ambele \u00eentocmite \u00een conformitate cu legisla\u021bia \u00een vigoare.<\/li>\n<\/ul>\n<h3><strong>Membrii Consiliului Director <\/strong><\/h3>\n<p>Membrii vor participa \u0219i vor vota, \u00een mod obligatoriu, cu excep\u021bia existen\u021bei unui motiv intemeiat, la sesiunile Consiliului Director.<\/p>\n<p>[\/vc_column_text][\/vc_column][vc_column width=\u00bb1\/3&#8243; wap_class=\u00bb\u00bb wap_id=\u00bb\u00bb][vc_column_text]<br \/>\n[\/vc_column_text][\/vc_column][\/vc_row]<\/p>\n","protected":false},"excerpt":{"rendered":"<p>[vc_row overlay=\u00bbnone\u00bb fullwidth=\u00bbno\u00bb][vc_column width=\u00bb2\/3&#8243; wap_class=\u00bb\u00bb wap_id=\u00bb\u00bb][vc_column_text]Consiliul Director al ASEMER va fi compus din: Un Pre\u0219edinte Membri &#8211; maximum 9 \u0219i [&hellip;]<\/p>\n","protected":false},"author":3,"featured_media":0,"parent":0,"menu_order":1000,"comment_status":"closed","ping_status":"closed","template":"","meta":{"footnotes":""},"class_list":["post-2323","page","type-page","status-publish","hentry"],"yoast_head":"<!-- This site is optimized with the Yoast SEO plugin v27.5 - https:\/\/yoast.com\/product\/yoast-seo-wordpress\/ -->\n<title>Pre\u0219edintele - ASEMER<\/title>\n<meta name=\"robots\" content=\"index, follow, max-snippet:-1, max-image-preview:large, max-video-preview:-1\" \/>\n<link rel=\"canonical\" href=\"https:\/\/www.asemer.ro\/index.php\/presedintele\/\" \/>\n<meta property=\"og:locale\" content=\"es_ES\" \/>\n<meta property=\"og:type\" content=\"article\" \/>\n<meta property=\"og:title\" content=\"Pre\u0219edintele - ASEMER\" \/>\n<meta property=\"og:description\" content=\"[vc_row overlay=\u00bbnone\u00bb fullwidth=\u00bbno\u00bb][vc_column width=\u00bb2\/3&#8243; wap_class=\u00bb\u00bb wap_id=\u00bb\u00bb][vc_column_text]Consiliul Director al ASEMER va fi compus din: Un Pre\u0219edinte Membri &#8211; maximum 9 \u0219i [&hellip;]\" \/>\n<meta property=\"og:url\" content=\"https:\/\/www.asemer.ro\/index.php\/presedintele\/\" \/>\n<meta property=\"og:site_name\" content=\"ASEMER\" \/>\n<meta property=\"article:publisher\" content=\"https:\/\/www.facebook.com\/asociacionasemer\" \/>\n<meta property=\"article:modified_time\" content=\"2021-04-13T07:29:21+00:00\" \/>\n<meta name=\"twitter:card\" content=\"summary_large_image\" \/>\n<meta name=\"twitter:site\" content=\"@asemer_rumania\" \/>\n<meta name=\"twitter:label1\" content=\"Tiempo de lectura\" \/>\n\t<meta name=\"twitter:data1\" content=\"3 minutos\" \/>\n<script type=\"application\/ld+json\" class=\"yoast-schema-graph\">{\"@context\":\"https:\\\/\\\/schema.org\",\"@graph\":[{\"@type\":\"WebPage\",\"@id\":\"https:\\\/\\\/www.asemer.ro\\\/index.php\\\/presedintele\\\/\",\"url\":\"https:\\\/\\\/www.asemer.ro\\\/index.php\\\/presedintele\\\/\",\"name\":\"Pre\u0219edintele - ASEMER\",\"isPartOf\":{\"@id\":\"https:\\\/\\\/www.asemer.ro\\\/#website\"},\"datePublished\":\"2016-01-09T19:55:15+00:00\",\"dateModified\":\"2021-04-13T07:29:21+00:00\",\"breadcrumb\":{\"@id\":\"https:\\\/\\\/www.asemer.ro\\\/index.php\\\/presedintele\\\/#breadcrumb\"},\"inLanguage\":\"es\",\"potentialAction\":[{\"@type\":\"ReadAction\",\"target\":[\"https:\\\/\\\/www.asemer.ro\\\/index.php\\\/presedintele\\\/\"]}]},{\"@type\":\"BreadcrumbList\",\"@id\":\"https:\\\/\\\/www.asemer.ro\\\/index.php\\\/presedintele\\\/#breadcrumb\",\"itemListElement\":[{\"@type\":\"ListItem\",\"position\":1,\"name\":\"Home\",\"item\":\"https:\\\/\\\/www.asemer.ro\\\/\"},{\"@type\":\"ListItem\",\"position\":2,\"name\":\"Pre\u0219edintele\"}]},{\"@type\":\"WebSite\",\"@id\":\"https:\\\/\\\/www.asemer.ro\\\/#website\",\"url\":\"https:\\\/\\\/www.asemer.ro\\\/\",\"name\":\"ASEMER\",\"description\":\"Asociaci\u00f3n de Empresas Espa\u00f1olas en Ruman\u00eda\",\"publisher\":{\"@id\":\"https:\\\/\\\/www.asemer.ro\\\/#organization\"},\"potentialAction\":[{\"@type\":\"SearchAction\",\"target\":{\"@type\":\"EntryPoint\",\"urlTemplate\":\"https:\\\/\\\/www.asemer.ro\\\/?s={search_term_string}\"},\"query-input\":{\"@type\":\"PropertyValueSpecification\",\"valueRequired\":true,\"valueName\":\"search_term_string\"}}],\"inLanguage\":\"es\"},{\"@type\":\"Organization\",\"@id\":\"https:\\\/\\\/www.asemer.ro\\\/#organization\",\"name\":\"ASEMER\",\"url\":\"https:\\\/\\\/www.asemer.ro\\\/\",\"logo\":{\"@type\":\"ImageObject\",\"inLanguage\":\"es\",\"@id\":\"https:\\\/\\\/www.asemer.ro\\\/#\\\/schema\\\/logo\\\/image\\\/\",\"url\":\"https:\\\/\\\/www.asemer.ro\\\/wp-content\\\/uploads\\\/2020\\\/12\\\/logo-ASEMER-scaled.jpg\",\"contentUrl\":\"https:\\\/\\\/www.asemer.ro\\\/wp-content\\\/uploads\\\/2020\\\/12\\\/logo-ASEMER-scaled.jpg\",\"width\":2560,\"height\":849,\"caption\":\"ASEMER\"},\"image\":{\"@id\":\"https:\\\/\\\/www.asemer.ro\\\/#\\\/schema\\\/logo\\\/image\\\/\"},\"sameAs\":[\"https:\\\/\\\/www.facebook.com\\\/asociacionasemer\",\"https:\\\/\\\/x.com\\\/asemer_rumania\",\"https:\\\/\\\/ro.linkedin.com\\\/in\\\/asemer-asociaci\u00f3n-empresas-espa\u00f1olas-en-ruman\u00eda-724772a6?trk=author_mini-profile_title\",\"https:\\\/\\\/www.youtube.com\\\/channel\\\/UC73m8-BDsg857OL0Ogv5aQA\\\/videos\"]}]}<\/script>\n<!-- \/ Yoast SEO plugin. -->","yoast_head_json":{"title":"Pre\u0219edintele - ASEMER","robots":{"index":"index","follow":"follow","max-snippet":"max-snippet:-1","max-image-preview":"max-image-preview:large","max-video-preview":"max-video-preview:-1"},"canonical":"https:\/\/www.asemer.ro\/index.php\/presedintele\/","og_locale":"es_ES","og_type":"article","og_title":"Pre\u0219edintele - ASEMER","og_description":"[vc_row overlay=\u00bbnone\u00bb fullwidth=\u00bbno\u00bb][vc_column width=\u00bb2\/3&#8243; wap_class=\u00bb\u00bb wap_id=\u00bb\u00bb][vc_column_text]Consiliul Director al ASEMER va fi compus din: Un Pre\u0219edinte Membri &#8211; maximum 9 \u0219i [&hellip;]","og_url":"https:\/\/www.asemer.ro\/index.php\/presedintele\/","og_site_name":"ASEMER","article_publisher":"https:\/\/www.facebook.com\/asociacionasemer","article_modified_time":"2021-04-13T07:29:21+00:00","twitter_card":"summary_large_image","twitter_site":"@asemer_rumania","twitter_misc":{"Tiempo de lectura":"3 minutos"},"schema":{"@context":"https:\/\/schema.org","@graph":[{"@type":"WebPage","@id":"https:\/\/www.asemer.ro\/index.php\/presedintele\/","url":"https:\/\/www.asemer.ro\/index.php\/presedintele\/","name":"Pre\u0219edintele - ASEMER","isPartOf":{"@id":"https:\/\/www.asemer.ro\/#website"},"datePublished":"2016-01-09T19:55:15+00:00","dateModified":"2021-04-13T07:29:21+00:00","breadcrumb":{"@id":"https:\/\/www.asemer.ro\/index.php\/presedintele\/#breadcrumb"},"inLanguage":"es","potentialAction":[{"@type":"ReadAction","target":["https:\/\/www.asemer.ro\/index.php\/presedintele\/"]}]},{"@type":"BreadcrumbList","@id":"https:\/\/www.asemer.ro\/index.php\/presedintele\/#breadcrumb","itemListElement":[{"@type":"ListItem","position":1,"name":"Home","item":"https:\/\/www.asemer.ro\/"},{"@type":"ListItem","position":2,"name":"Pre\u0219edintele"}]},{"@type":"WebSite","@id":"https:\/\/www.asemer.ro\/#website","url":"https:\/\/www.asemer.ro\/","name":"ASEMER","description":"Asociaci\u00f3n de Empresas Espa\u00f1olas en Ruman\u00eda","publisher":{"@id":"https:\/\/www.asemer.ro\/#organization"},"potentialAction":[{"@type":"SearchAction","target":{"@type":"EntryPoint","urlTemplate":"https:\/\/www.asemer.ro\/?s={search_term_string}"},"query-input":{"@type":"PropertyValueSpecification","valueRequired":true,"valueName":"search_term_string"}}],"inLanguage":"es"},{"@type":"Organization","@id":"https:\/\/www.asemer.ro\/#organization","name":"ASEMER","url":"https:\/\/www.asemer.ro\/","logo":{"@type":"ImageObject","inLanguage":"es","@id":"https:\/\/www.asemer.ro\/#\/schema\/logo\/image\/","url":"https:\/\/www.asemer.ro\/wp-content\/uploads\/2020\/12\/logo-ASEMER-scaled.jpg","contentUrl":"https:\/\/www.asemer.ro\/wp-content\/uploads\/2020\/12\/logo-ASEMER-scaled.jpg","width":2560,"height":849,"caption":"ASEMER"},"image":{"@id":"https:\/\/www.asemer.ro\/#\/schema\/logo\/image\/"},"sameAs":["https:\/\/www.facebook.com\/asociacionasemer","https:\/\/x.com\/asemer_rumania","https:\/\/ro.linkedin.com\/in\/asemer-asociaci\u00f3n-empresas-espa\u00f1olas-en-ruman\u00eda-724772a6?trk=author_mini-profile_title","https:\/\/www.youtube.com\/channel\/UC73m8-BDsg857OL0Ogv5aQA\/videos"]}]}},"_links":{"self":[{"href":"https:\/\/www.asemer.ro\/index.php\/wp-json\/wp\/v2\/pages\/2323","targetHints":{"allow":["GET"]}}],"collection":[{"href":"https:\/\/www.asemer.ro\/index.php\/wp-json\/wp\/v2\/pages"}],"about":[{"href":"https:\/\/www.asemer.ro\/index.php\/wp-json\/wp\/v2\/types\/page"}],"author":[{"embeddable":true,"href":"https:\/\/www.asemer.ro\/index.php\/wp-json\/wp\/v2\/users\/3"}],"replies":[{"embeddable":true,"href":"https:\/\/www.asemer.ro\/index.php\/wp-json\/wp\/v2\/comments?post=2323"}],"version-history":[{"count":1,"href":"https:\/\/www.asemer.ro\/index.php\/wp-json\/wp\/v2\/pages\/2323\/revisions"}],"predecessor-version":[{"id":5980,"href":"https:\/\/www.asemer.ro\/index.php\/wp-json\/wp\/v2\/pages\/2323\/revisions\/5980"}],"wp:attachment":[{"href":"https:\/\/www.asemer.ro\/index.php\/wp-json\/wp\/v2\/media?parent=2323"}],"curies":[{"name":"wp","href":"https:\/\/api.w.org\/{rel}","templated":true}]}}