{"id":5998,"date":"2021-04-13T10:00:00","date_gmt":"2021-04-13T08:00:00","guid":{"rendered":"http:\/\/www.asemer.ro\/?page_id=5998"},"modified":"2024-04-09T12:42:45","modified_gmt":"2024-04-09T10:42:45","slug":"empleo","status":"publish","type":"page","link":"https:\/\/www.asemer.ro\/index.php\/empleo\/","title":{"rendered":"Empleo"},"content":{"rendered":"\n<ul class=\"wp-block-list\"><li><span class=\"has-inline-color has-vivid-red-color\"><strong>Curriculum vitae no. 1<\/strong><\/span><\/li><\/ul>\n\n\n\n<p><span class=\"has-inline-color has-black-color\">Ciudadano venezolano y rumano (doble nacionalidad), est\u00e1 buscando trabajo dentro de una empresa espa\u00f1ola. Tiene 24 a\u00f1os de experiencia en diversas industrias &#8211; aviaci\u00f3n civil, farmac\u00e9utica, software, petr\u00f3leo y gas. Equipado con amplia experiencia en comunicaci\u00f3n corporativa y de crisis, con enfoque en la gesti\u00f3n de reclamaciones y atenci\u00f3n al cliente internacional. Capacidad de autogobierno, integridad, gesti\u00f3n del tiempo y sociabilidad, ingenioso, creativo, adaptaci\u00f3n r\u00e1pida a nuevos segmentos de la industria, modelos de negocio y culturas; habla ingl\u00e9s y rumano.<\/span><\/p>\n\n\n\n<ul class=\"wp-block-list\"><li><strong><span class=\"has-inline-color has-vivid-red-color\">Curriculum vitae no<\/span><\/strong><span class=\"has-inline-color has-vivid-red-color\"><strong>. <\/strong><\/span><strong><span class=\"has-inline-color has-vivid-red-color\">2<\/span><\/strong><\/li><\/ul>\n\n\n\n<p><span class=\"has-inline-color has-black-color\">Ciudadano rumano, est\u00e1 buscando trabajo dentro de una empresa espa\u00f1ola o rumana de Ruman\u00eda. Es licenciado en psicopedagog\u00eda con el t\u00edtulo homologado al Grado Acad\u00e9mico de Diplomada por el Ministerio de Educaci\u00f3n de Madrid. Tiene vasta experiencia en Espa\u00f1a en el campo de las traducciones e interpretaciones y como auxiliar administrativa; habla espa\u00f1ol a nivel nativo y ingl\u00e9s. Tiene excelentes habilidades de comunicaci\u00f3n, es adaptable y puede trabajar bajo estr\u00e9s o en equipo.<\/span><\/p>\n\n\n\n<ul class=\"wp-block-list\"><li><strong><span class=\"has-inline-color has-vivid-red-color\">Curriculum vitae no. 3<\/span><\/strong><\/li><\/ul>\n\n\n\n<p><span class=\"has-inline-color has-black-color\">Ciudadano rumano, est\u00e1 buscando trabajo en una oficina en Ruman\u00eda. Tiene vasta experiencia como personal administrativo trabajando en embajadas e implicaci\u00f3n en la gesti\u00f3n de una red de televisi\u00f3n por cable, representando a Ruman\u00eda y Espa\u00f1a en varios festivales mundiales de cine; habla espa\u00f1ol a nivel nativo y ingl\u00e9s. Tiene buenas habilidades de comunicaci\u00f3n y organizaci\u00f3n, experiencia en organizar eventos y mantener relaciones con extranjeros.<\/span> <\/p>\n\n\n\n<div style=\"height:35px\" aria-hidden=\"true\" class=\"wp-block-spacer\"><\/div>\n\n\n\n<p><span class=\"has-inline-color has-black-color\">Si desea<\/span><strong><span class=\"has-inline-color has-black-color\"> consultar el CV de estas personas<\/span><\/strong><span class=\"has-inline-color has-black-color\">,<\/span><strong><span class=\"has-inline-color has-black-color\"> <\/span><\/strong><span class=\"has-inline-color has-black-color\">escr\u00edbanos a <a href=\"https:\/\/www.asemer.ro\/index.php\/contacto\/\" target=\"_blank\" rel=\"noreferrer noopener\">office@asemer.ro <\/a><\/span><\/p>\n","protected":false},"excerpt":{"rendered":"<p>Curriculum vitae no. 1 Ciudadano venezolano y rumano (doble nacionalidad), est\u00e1 buscando trabajo dentro de una empresa espa\u00f1ola. Tiene 24 [&hellip;]<\/p>\n","protected":false},"author":2,"featured_media":0,"parent":0,"menu_order":1000,"comment_status":"closed","ping_status":"closed","template":"page-templates\/template_fullwidth.php","meta":{"footnotes":""},"class_list":["post-5998","page","type-page","status-publish","hentry"],"yoast_head":"<!-- This site is optimized with the Yoast SEO plugin v27.5 - https:\/\/yoast.com\/product\/yoast-seo-wordpress\/ -->\n<title>Empleo - ASEMER<\/title>\n<meta name=\"robots\" content=\"index, follow, max-snippet:-1, max-image-preview:large, max-video-preview:-1\" \/>\n<link rel=\"canonical\" href=\"https:\/\/www.asemer.ro\/index.php\/empleo\/\" \/>\n<meta property=\"og:locale\" content=\"es_ES\" \/>\n<meta property=\"og:type\" content=\"article\" \/>\n<meta property=\"og:title\" content=\"Empleo - ASEMER\" \/>\n<meta property=\"og:description\" content=\"Curriculum vitae no. 1 Ciudadano venezolano y rumano (doble nacionalidad), est\u00e1 buscando trabajo dentro de una empresa espa\u00f1ola. Tiene 24 [&hellip;]\" \/>\n<meta property=\"og:url\" content=\"https:\/\/www.asemer.ro\/index.php\/empleo\/\" \/>\n<meta property=\"og:site_name\" content=\"ASEMER\" \/>\n<meta property=\"article:publisher\" content=\"https:\/\/www.facebook.com\/asociacionasemer\" \/>\n<meta property=\"article:modified_time\" content=\"2024-04-09T10:42:45+00:00\" \/>\n<meta name=\"twitter:card\" content=\"summary_large_image\" \/>\n<meta name=\"twitter:site\" content=\"@asemer_rumania\" \/>\n<meta name=\"twitter:label1\" content=\"Tiempo de lectura\" \/>\n\t<meta name=\"twitter:data1\" content=\"2 minutos\" \/>\n<script type=\"application\/ld+json\" class=\"yoast-schema-graph\">{\"@context\":\"https:\\\/\\\/schema.org\",\"@graph\":[{\"@type\":\"WebPage\",\"@id\":\"https:\\\/\\\/www.asemer.ro\\\/index.php\\\/empleo\\\/\",\"url\":\"https:\\\/\\\/www.asemer.ro\\\/index.php\\\/empleo\\\/\",\"name\":\"Empleo - ASEMER\",\"isPartOf\":{\"@id\":\"https:\\\/\\\/www.asemer.ro\\\/#website\"},\"datePublished\":\"2021-04-13T08:00:00+00:00\",\"dateModified\":\"2024-04-09T10:42:45+00:00\",\"breadcrumb\":{\"@id\":\"https:\\\/\\\/www.asemer.ro\\\/index.php\\\/empleo\\\/#breadcrumb\"},\"inLanguage\":\"es\",\"potentialAction\":[{\"@type\":\"ReadAction\",\"target\":[\"https:\\\/\\\/www.asemer.ro\\\/index.php\\\/empleo\\\/\"]}]},{\"@type\":\"BreadcrumbList\",\"@id\":\"https:\\\/\\\/www.asemer.ro\\\/index.php\\\/empleo\\\/#breadcrumb\",\"itemListElement\":[{\"@type\":\"ListItem\",\"position\":1,\"name\":\"Home\",\"item\":\"https:\\\/\\\/www.asemer.ro\\\/\"},{\"@type\":\"ListItem\",\"position\":2,\"name\":\"Empleo\"}]},{\"@type\":\"WebSite\",\"@id\":\"https:\\\/\\\/www.asemer.ro\\\/#website\",\"url\":\"https:\\\/\\\/www.asemer.ro\\\/\",\"name\":\"ASEMER\",\"description\":\"Asociaci\u00f3n de Empresas Espa\u00f1olas en Ruman\u00eda\",\"publisher\":{\"@id\":\"https:\\\/\\\/www.asemer.ro\\\/#organization\"},\"potentialAction\":[{\"@type\":\"SearchAction\",\"target\":{\"@type\":\"EntryPoint\",\"urlTemplate\":\"https:\\\/\\\/www.asemer.ro\\\/?s={search_term_string}\"},\"query-input\":{\"@type\":\"PropertyValueSpecification\",\"valueRequired\":true,\"valueName\":\"search_term_string\"}}],\"inLanguage\":\"es\"},{\"@type\":\"Organization\",\"@id\":\"https:\\\/\\\/www.asemer.ro\\\/#organization\",\"name\":\"ASEMER\",\"url\":\"https:\\\/\\\/www.asemer.ro\\\/\",\"logo\":{\"@type\":\"ImageObject\",\"inLanguage\":\"es\",\"@id\":\"https:\\\/\\\/www.asemer.ro\\\/#\\\/schema\\\/logo\\\/image\\\/\",\"url\":\"https:\\\/\\\/www.asemer.ro\\\/wp-content\\\/uploads\\\/2020\\\/12\\\/logo-ASEMER-scaled.jpg\",\"contentUrl\":\"https:\\\/\\\/www.asemer.ro\\\/wp-content\\\/uploads\\\/2020\\\/12\\\/logo-ASEMER-scaled.jpg\",\"width\":2560,\"height\":849,\"caption\":\"ASEMER\"},\"image\":{\"@id\":\"https:\\\/\\\/www.asemer.ro\\\/#\\\/schema\\\/logo\\\/image\\\/\"},\"sameAs\":[\"https:\\\/\\\/www.facebook.com\\\/asociacionasemer\",\"https:\\\/\\\/x.com\\\/asemer_rumania\",\"https:\\\/\\\/ro.linkedin.com\\\/in\\\/asemer-asociaci\u00f3n-empresas-espa\u00f1olas-en-ruman\u00eda-724772a6?trk=author_mini-profile_title\",\"https:\\\/\\\/www.youtube.com\\\/channel\\\/UC73m8-BDsg857OL0Ogv5aQA\\\/videos\"]}]}<\/script>\n<!-- \/ Yoast SEO plugin. -->","yoast_head_json":{"title":"Empleo - ASEMER","robots":{"index":"index","follow":"follow","max-snippet":"max-snippet:-1","max-image-preview":"max-image-preview:large","max-video-preview":"max-video-preview:-1"},"canonical":"https:\/\/www.asemer.ro\/index.php\/empleo\/","og_locale":"es_ES","og_type":"article","og_title":"Empleo - ASEMER","og_description":"Curriculum vitae no. 1 Ciudadano venezolano y rumano (doble nacionalidad), est\u00e1 buscando trabajo dentro de una empresa espa\u00f1ola. Tiene 24 [&hellip;]","og_url":"https:\/\/www.asemer.ro\/index.php\/empleo\/","og_site_name":"ASEMER","article_publisher":"https:\/\/www.facebook.com\/asociacionasemer","article_modified_time":"2024-04-09T10:42:45+00:00","twitter_card":"summary_large_image","twitter_site":"@asemer_rumania","twitter_misc":{"Tiempo de lectura":"2 minutos"},"schema":{"@context":"https:\/\/schema.org","@graph":[{"@type":"WebPage","@id":"https:\/\/www.asemer.ro\/index.php\/empleo\/","url":"https:\/\/www.asemer.ro\/index.php\/empleo\/","name":"Empleo - ASEMER","isPartOf":{"@id":"https:\/\/www.asemer.ro\/#website"},"datePublished":"2021-04-13T08:00:00+00:00","dateModified":"2024-04-09T10:42:45+00:00","breadcrumb":{"@id":"https:\/\/www.asemer.ro\/index.php\/empleo\/#breadcrumb"},"inLanguage":"es","potentialAction":[{"@type":"ReadAction","target":["https:\/\/www.asemer.ro\/index.php\/empleo\/"]}]},{"@type":"BreadcrumbList","@id":"https:\/\/www.asemer.ro\/index.php\/empleo\/#breadcrumb","itemListElement":[{"@type":"ListItem","position":1,"name":"Home","item":"https:\/\/www.asemer.ro\/"},{"@type":"ListItem","position":2,"name":"Empleo"}]},{"@type":"WebSite","@id":"https:\/\/www.asemer.ro\/#website","url":"https:\/\/www.asemer.ro\/","name":"ASEMER","description":"Asociaci\u00f3n de Empresas Espa\u00f1olas en Ruman\u00eda","publisher":{"@id":"https:\/\/www.asemer.ro\/#organization"},"potentialAction":[{"@type":"SearchAction","target":{"@type":"EntryPoint","urlTemplate":"https:\/\/www.asemer.ro\/?s={search_term_string}"},"query-input":{"@type":"PropertyValueSpecification","valueRequired":true,"valueName":"search_term_string"}}],"inLanguage":"es"},{"@type":"Organization","@id":"https:\/\/www.asemer.ro\/#organization","name":"ASEMER","url":"https:\/\/www.asemer.ro\/","logo":{"@type":"ImageObject","inLanguage":"es","@id":"https:\/\/www.asemer.ro\/#\/schema\/logo\/image\/","url":"https:\/\/www.asemer.ro\/wp-content\/uploads\/2020\/12\/logo-ASEMER-scaled.jpg","contentUrl":"https:\/\/www.asemer.ro\/wp-content\/uploads\/2020\/12\/logo-ASEMER-scaled.jpg","width":2560,"height":849,"caption":"ASEMER"},"image":{"@id":"https:\/\/www.asemer.ro\/#\/schema\/logo\/image\/"},"sameAs":["https:\/\/www.facebook.com\/asociacionasemer","https:\/\/x.com\/asemer_rumania","https:\/\/ro.linkedin.com\/in\/asemer-asociaci\u00f3n-empresas-espa\u00f1olas-en-ruman\u00eda-724772a6?trk=author_mini-profile_title","https:\/\/www.youtube.com\/channel\/UC73m8-BDsg857OL0Ogv5aQA\/videos"]}]}},"_links":{"self":[{"href":"https:\/\/www.asemer.ro\/index.php\/wp-json\/wp\/v2\/pages\/5998","targetHints":{"allow":["GET"]}}],"collection":[{"href":"https:\/\/www.asemer.ro\/index.php\/wp-json\/wp\/v2\/pages"}],"about":[{"href":"https:\/\/www.asemer.ro\/index.php\/wp-json\/wp\/v2\/types\/page"}],"author":[{"embeddable":true,"href":"https:\/\/www.asemer.ro\/index.php\/wp-json\/wp\/v2\/users\/2"}],"replies":[{"embeddable":true,"href":"https:\/\/www.asemer.ro\/index.php\/wp-json\/wp\/v2\/comments?post=5998"}],"version-history":[{"count":16,"href":"https:\/\/www.asemer.ro\/index.php\/wp-json\/wp\/v2\/pages\/5998\/revisions"}],"predecessor-version":[{"id":7458,"href":"https:\/\/www.asemer.ro\/index.php\/wp-json\/wp\/v2\/pages\/5998\/revisions\/7458"}],"wp:attachment":[{"href":"https:\/\/www.asemer.ro\/index.php\/wp-json\/wp\/v2\/media?parent=5998"}],"curies":[{"name":"wp","href":"https:\/\/api.w.org\/{rel}","templated":true}]}}